{"id":3100,"date":"2015-10-19T10:20:19","date_gmt":"2015-10-19T08:20:19","guid":{"rendered":"http:\/\/www.innovation-academy.de\/stadtplanung-mobilitaet\/"},"modified":"2022-12-26T18:41:56","modified_gmt":"2022-12-26T16:41:56","slug":"urbanisme-transports-et-mobilite","status":"publish","type":"page","link":"https:\/\/www.innovation-academy.de\/fr\/urbanisme-transports-et-mobilite\/","title":{"rendered":"Urbanisme et mobilit\u00e9"},"content":{"rendered":"<div class=\"wpb-content-wrapper\"><p>[vc_row][vc_column]<div class=\"ult-spacer spacer-69f297ea9c635\" data-id=\"69f297ea9c635\" data-height=\"30\" data-height-mobile=\"30\" data-height-tab=\"30\" data-height-tab-portrait=\"\" data-height-mobile-landscape=\"\" style=\"clear:both;display:block;\"><\/div>[vc_column_text]<\/p>\n<h1 style=\"text-align: center;\">Urbanisme et mobilit\u00e9<\/h1>\n<p>[\/vc_column_text]<div class=\"ult-spacer spacer-69f297ea9c664\" data-id=\"69f297ea9c664\" data-height=\"30\" data-height-mobile=\"30\" data-height-tab=\"30\" data-height-tab-portrait=\"\" data-height-mobile-landscape=\"\" style=\"clear:both;display:block;\"><\/div>[\/vc_column][\/vc_row][vc_row][vc_column width=\u00a0\u00bb1\/3&Prime;][vc_column_text css=\u00a0\u00bb.vc_custom_1504788763051{background-color: #eaeaea !important;}\u00a0\u00bb]<\/p>\n<h2 style=\"text-align: center;\"><span style=\"color: #dd9933;\">Plan local d&rsquo;urbanisme<\/span><\/h2>\n<h2 style=\"text-align: center;\"><span style=\"color: #dd9933;\">Transports en commun<\/span><\/h2>\n<h2 style=\"text-align: center;\"><span style=\"color: #dd9933;\">Ville durable<br \/>\n<\/span><\/h2>\n<h2 style=\"text-align: center;\"><span style=\"color: #dd9933;\">Pistes cyclables<br \/>\n<\/span><\/h2>\n<h2 style=\"text-align: center;\"><span style=\"color: #dd9933;\">Zone pi\u00e9tonne<\/span><\/h2>\n<h2 style=\"text-align: center;\"><span style=\"color: #dd9933;\">D\u00e9mocratie participative<\/span><\/h2>\n<h2 style=\"text-align: center;\"><span style=\"color: #dd9933;\">Eco-quartiers<\/span><\/h2>\n<p>[\/vc_column_text][\/vc_column][vc_column width=\u00a0\u00bb2\/3&Prime;][layerslider_vc id=\u00a0\u00bb17&Prime;][\/vc_column][\/vc_row][vc_row][vc_column][vc_column_text]Au niveau mondial, de plus en plus de personnes vivent en ville &#8211; ce qui cause des probl\u00e8mes environnementaux ainsi que le changement climatique. Le chauffage et la climatisation n\u00e9cessitent une consommation d\u2019\u00e9nergie \u00e9norme, de plus les villes souffrent de l\u2019accroissement du trafic automobile. Comment un processus d\u2019urbanisation intelligent peut-il am\u00e9liorer la qualit\u00e9 de vie en milieu urbain ? Quels sont les concepts qui pourront aider \u00e0 r\u00e9gler les probl\u00e8mes li\u00e9s aux nuisances sonores et \u00e0 la pollution atmosph\u00e9rique cr\u00e9\u00e9s par le trafic automobile ?[\/vc_column_text][\/vc_column][\/vc_row][vc_row][vc_column]<div class=\"ult-spacer spacer-69f297ea9c681\" data-id=\"69f297ea9c681\" data-height=\"30\" data-height-mobile=\"30\" data-height-tab=\"30\" data-height-tab-portrait=\"\" data-height-mobile-landscape=\"\" style=\"clear:both;display:block;\"><\/div>[\/vc_column][\/vc_row][vc_row][vc_column width=\u00a0\u00bb1\/2&Prime;]<div class=\" ubtn-ctn-center \"><a class=\"ubtn-link ult-adjust-bottom-margin ubtn-center ubtn-large \" href=\"#fachbesucher\" title=\"Stadtplanung und Mobilit\u00e4t f\u00fcr Fachbesucher und Universit\u00e4ten\" ><button type=\"button\" id=\"ubtn-2506\"  class=\"ubtn ult-adjust-bottom-margin ult-responsive ubtn-large ubtn-no-hover-bg  none  ubtn-center   tooltip-69f297ea9c6bd\"  data-hover=\"#ffffff\" data-border-color=\"#ffbf00\" data-bg=\"#ffffff\" data-hover-bg=\"#ffbf00\" data-border-hover=\"#ffffff\" data-shadow-hover=\"\" data-shadow-click=\"none\" data-shadow=\"\" data-shd-shadow=\"\"  data-ultimate-target='#ubtn-2506'  data-responsive-json-new='{\"font-size\":\"desktop:20px;\",\"line-height\":\"\"}'  style=\"font-weight:bold;border-radius:6px;border-width:3px;border-color:#ffbf00;border-style:solid;background: #ffffff;color: #ffbf00;\"><span class=\"ubtn-hover\" style=\"background-color:#ffbf00\"><\/span><span class=\"ubtn-data ubtn-text \" >D\u00e9l\u00e9gations professionnelles et Universit\u00e9s<\/span><\/button><\/a><\/div><div class=\"ult-spacer spacer-69f297ea9c73f\" data-id=\"69f297ea9c73f\" data-height=\"30\" data-height-mobile=\"30\" data-height-tab=\"30\" data-height-tab-portrait=\"\" data-height-mobile-landscape=\"\" style=\"clear:both;display:block;\"><\/div>[\/vc_column][vc_column width=\u00a0\u00bb1\/2&Prime;]<div class=\" ubtn-ctn-center \"><a class=\"ubtn-link ult-adjust-bottom-margin ubtn-center ubtn-large \" href=\"#schulen\" title=\"Stadtplanung und Mobilit\u00e4t f\u00fcr Schulen und Jugendgruppen\" ><button type=\"button\" id=\"ubtn-9126\"  class=\"ubtn ult-adjust-bottom-margin ult-responsive ubtn-large ubtn-no-hover-bg  none  ubtn-center   tooltip-69f297ea9c76c\"  data-hover=\"#ffffff\" data-border-color=\"#ffbf00\" data-bg=\"#ffffff\" data-hover-bg=\"#ffbf00\" data-border-hover=\"#ffffff\" data-shadow-hover=\"\" data-shadow-click=\"none\" data-shadow=\"\" data-shd-shadow=\"\"  data-ultimate-target='#ubtn-9126'  data-responsive-json-new='{\"font-size\":\"desktop:20px;\",\"line-height\":\"\"}'  style=\"font-weight:bold;border-radius:6px;border-width:3px;border-color:#ffbf00;border-style:solid;background: #ffffff;color: #ffbf00;\"><span class=\"ubtn-hover\" style=\"background-color:#ffbf00\"><\/span><span class=\"ubtn-data ubtn-text \" >Groupes scolaires et lyc\u00e9es professionnels<\/span><\/button><\/a><\/div><div class=\"ult-spacer spacer-69f297ea9c7c0\" data-id=\"69f297ea9c7c0\" data-height=\"30\" data-height-mobile=\"30\" data-height-tab=\"30\" data-height-tab-portrait=\"\" data-height-mobile-landscape=\"\" style=\"clear:both;display:block;\"><\/div>[\/vc_column][\/vc_row][vc_row anchor=\u00a0\u00bb#fachbesucher\u00a0\u00bb][vc_column]<div class=\"ult-spacer spacer-69f297ea9c7e4\" data-id=\"69f297ea9c7e4\" data-height=\"30\" data-height-mobile=\"30\" data-height-tab=\"30\" data-height-tab-portrait=\"\" data-height-mobile-landscape=\"\" style=\"clear:both;display:block;\"><\/div><div class=\"dt-fancy-separator title-left h2-size\" style=\"width: 100%;\"><div class=\"dt-fancy-title\"><span class=\"separator-holder separator-left\"><\/span>Urbanisme et mobilit\u00e9 pour les d\u00e9l\u00e9gations professionnelles et les universit\u00e9s<span class=\"separator-holder separator-right\"><\/span><\/div><\/div><div class=\"ult-spacer spacer-69f297ea9c868\" data-id=\"69f297ea9c868\" data-height=\"30\" data-height-mobile=\"30\" data-height-tab=\"30\" data-height-tab-portrait=\"\" data-height-mobile-landscape=\"\" style=\"clear:both;display:block;\"><\/div><div class=\"dt-shortcode with-isotope\"><div class=\"wf-container dt-blog-shortcode loading-effect-none iso-grid description-under-image content-align-left\" data-padding=\"20px\" data-cur-page=\"1\" data-posts-per-page=\"-1\" data-width=\"370px\" data-columns=\"3\">\n<div class=\"wf-cell\" data-post-id=\"2861\" data-date=\"2022-12-01T20:51:52+02:00\" data-name=\"Visite guid\u00e9e de l&#039;\u00e9co-quartier Vauban\">\n\t<article class=\"post post-2861 type-post status-publish format-standard has-post-thumbnail hentry category-fribourg-delegations-professionnelles-urbanismemobilite tag-architektur-fr tag-buergerbeteiligung-fr tag-eco-quartier tag-energieplus-haus-fr tag-fotovoltaik-fr tag-fribourg tag-konversion-fr tag-niedrigenergiebauweise-fr tag-passivhaus-fr tag-solarstrom-fr tag-urbanisme tag-vauban category-132 description-off\">\n\n\t\t\n\t\t\t<div class=\"blog-media wf-td\">\n\n\t\t\t\t<p><a href=\"https:\/\/www.innovation-academy.de\/fr\/visite-ecoquartier-vauban\/\" class=\"alignnone rollover layzr-bg\" ><img fetchpriority=\"high\" decoding=\"async\" class=\"preload-me iso-lazy-load aspect\" src=\"data:image\/svg+xml,%3Csvg%20xmlns%3D&#39;http%3A%2F%2Fwww.w3.org%2F2000%2Fsvg&#39;%20viewBox%3D&#39;0%200%20400%20300&#39;%2F%3E\" data-src=\"https:\/\/www.innovation-academy.de\/wp-content\/uploads\/Freiburg-Vauban.jpg\" data-srcset=\"https:\/\/www.innovation-academy.de\/wp-content\/uploads\/Freiburg-Vauban.jpg 400w\" loading=\"eager\" style=\"--ratio: 400 \/ 300\" sizes=\"(max-width: 400px) 100vw, 400px\" alt=\"\" title=\"Freiburg-Vauban\" width=\"400\" height=\"300\"  \/><\/a><\/p>\n\t\t\t<\/div>\n\n\t\t\n\t\t<div class=\"blog-content wf-td\">\n\t\t\t<h3 class=\"entry-title\"><a href=\"https:\/\/www.innovation-academy.de\/fr\/visite-ecoquartier-vauban\/\" title=\"Visite guid\u00e9e de l&rsquo;\u00e9co-quartier Vauban\" rel=\"bookmark\">Visite guid\u00e9e de l&rsquo;\u00e9co-quartier Vauban<\/a><\/h3>\n\n\t\t\t\n\t\t<\/div>\n\n\t<\/article>\n\n<\/div>\n<div class=\"wf-cell\" data-post-id=\"2808\" data-date=\"2022-11-29T13:34:55+02:00\" data-name=\"La zone pi\u00e9tonne Fribourgeoise\">\n\t<article class=\"post post-2808 type-post status-publish format-standard has-post-thumbnail hentry category-fribourg-delegations-professionnelles-urbanismemobilite category-132 description-off\">\n\n\t\t\n\t\t\t<div class=\"blog-media wf-td\">\n\n\t\t\t\t<p><a href=\"https:\/\/www.innovation-academy.de\/fr\/zone-pietonne-fribourg\/\" class=\"alignnone rollover layzr-bg\" ><img decoding=\"async\" class=\"preload-me iso-lazy-load aspect\" src=\"data:image\/svg+xml,%3Csvg%20xmlns%3D&#39;http%3A%2F%2Fwww.w3.org%2F2000%2Fsvg&#39;%20viewBox%3D&#39;0%200%20400%20300&#39;%2F%3E\" data-src=\"https:\/\/www.innovation-academy.de\/wp-content\/uploads\/Freiburg_Altstadt.jpg\" data-srcset=\"https:\/\/www.innovation-academy.de\/wp-content\/uploads\/Freiburg_Altstadt.jpg 400w\" loading=\"eager\" style=\"--ratio: 400 \/ 300\" sizes=\"(max-width: 400px) 100vw, 400px\" alt=\"\" title=\"Freiburg_Altstadt\" width=\"400\" height=\"300\"  \/><\/a><\/p>\n\t\t\t<\/div>\n\n\t\t\n\t\t<div class=\"blog-content wf-td\">\n\t\t\t<h3 class=\"entry-title\"><a href=\"https:\/\/www.innovation-academy.de\/fr\/zone-pietonne-fribourg\/\" title=\"La zone pi\u00e9tonne Fribourgeoise\" rel=\"bookmark\">La zone pi\u00e9tonne Fribourgeoise<\/a><\/h3>\n\n\t\t\t\n\t\t<\/div>\n\n\t<\/article>\n\n<\/div>\n<div class=\"wf-cell\" data-post-id=\"2791\" data-date=\"2022-10-01T17:34:42+02:00\" data-name=\"Les quartiers mod\u00e8les de Fribourg\">\n\t<article class=\"post post-2791 type-post status-publish format-standard has-post-thumbnail hentry category-fribourg-delegations-professionnelles-urbanismemobilite category-132 description-off\">\n\n\t\t\n\t\t\t<div class=\"blog-media wf-td\">\n\n\t\t\t\t<p><a href=\"https:\/\/www.innovation-academy.de\/fr\/quartiers-modeles-fribourg\/\" class=\"alignnone rollover layzr-bg\" ><img decoding=\"async\" class=\"preload-me iso-lazy-load aspect\" src=\"data:image\/svg+xml,%3Csvg%20xmlns%3D&#39;http%3A%2F%2Fwww.w3.org%2F2000%2Fsvg&#39;%20viewBox%3D&#39;0%200%20400%20300&#39;%2F%3E\" data-src=\"https:\/\/www.innovation-academy.de\/wp-content\/uploads\/Freiburg_Stadtteile.jpg\" data-srcset=\"https:\/\/www.innovation-academy.de\/wp-content\/uploads\/Freiburg_Stadtteile.jpg 400w\" loading=\"eager\" style=\"--ratio: 400 \/ 300\" sizes=\"(max-width: 400px) 100vw, 400px\" alt=\"\" title=\"Freiburg_Stadtteile\" width=\"400\" height=\"300\"  \/><\/a><\/p>\n\t\t\t<\/div>\n\n\t\t\n\t\t<div class=\"blog-content wf-td\">\n\t\t\t<h3 class=\"entry-title\"><a href=\"https:\/\/www.innovation-academy.de\/fr\/quartiers-modeles-fribourg\/\" title=\"Les quartiers mod\u00e8les de Fribourg\" rel=\"bookmark\">Les quartiers mod\u00e8les de Fribourg<\/a><\/h3>\n\n\t\t\t\n\t\t<\/div>\n\n\t<\/article>\n\n<\/div>\n<div class=\"wf-cell\" data-post-id=\"2794\" data-date=\"2022-09-01T15:57:14+02:00\" data-name=\"La mobilit\u00e9 multimodale\">\n\t<article class=\"post post-2794 type-post status-publish format-standard has-post-thumbnail hentry category-fribourg-delegations-professionnelles-urbanismemobilite category-132 description-off\">\n\n\t\t\n\t\t\t<div class=\"blog-media wf-td\">\n\n\t\t\t\t<p><a href=\"https:\/\/www.innovation-academy.de\/fr\/mobilite-multimodale\/\" class=\"alignnone rollover layzr-bg\" ><img decoding=\"async\" class=\"preload-me iso-lazy-load aspect\" src=\"data:image\/svg+xml,%3Csvg%20xmlns%3D&#39;http%3A%2F%2Fwww.w3.org%2F2000%2Fsvg&#39;%20viewBox%3D&#39;0%200%20400%20300&#39;%2F%3E\" data-src=\"https:\/\/www.innovation-academy.de\/wp-content\/uploads\/Freiburg_Mobilitaet.jpg\" data-srcset=\"https:\/\/www.innovation-academy.de\/wp-content\/uploads\/Freiburg_Mobilitaet.jpg 400w\" loading=\"eager\" style=\"--ratio: 400 \/ 300\" sizes=\"(max-width: 400px) 100vw, 400px\" alt=\"\" title=\"Freiburg_Mobilitaet\" width=\"400\" height=\"300\"  \/><\/a><\/p>\n\t\t\t<\/div>\n\n\t\t\n\t\t<div class=\"blog-content wf-td\">\n\t\t\t<h3 class=\"entry-title\"><a href=\"https:\/\/www.innovation-academy.de\/fr\/mobilite-multimodale\/\" title=\"La mobilit\u00e9 multimodale\" rel=\"bookmark\">La mobilit\u00e9 multimodale<\/a><\/h3>\n\n\t\t\t\n\t\t<\/div>\n\n\t<\/article>\n\n<\/div>\n<div class=\"wf-cell\" data-post-id=\"2798\" data-date=\"2022-08-01T13:58:23+02:00\" data-name=\"Les transports en commun\">\n\t<article class=\"post post-2798 type-post status-publish format-standard has-post-thumbnail hentry category-fribourg-delegations-professionnelles-urbanismemobilite category-132 description-off\">\n\n\t\t\n\t\t\t<div class=\"blog-media wf-td\">\n\n\t\t\t\t<p><a href=\"https:\/\/www.innovation-academy.de\/fr\/transports-en-commun\/\" class=\"alignnone rollover layzr-bg\" ><img decoding=\"async\" class=\"preload-me iso-lazy-load aspect\" src=\"data:image\/svg+xml,%3Csvg%20xmlns%3D&#39;http%3A%2F%2Fwww.w3.org%2F2000%2Fsvg&#39;%20viewBox%3D&#39;0%200%20400%20300&#39;%2F%3E\" data-src=\"https:\/\/www.innovation-academy.de\/wp-content\/uploads\/Freiburg_Nahverkehr.jpg\" data-srcset=\"https:\/\/www.innovation-academy.de\/wp-content\/uploads\/Freiburg_Nahverkehr.jpg 400w\" loading=\"eager\" style=\"--ratio: 400 \/ 300\" sizes=\"(max-width: 400px) 100vw, 400px\" alt=\"Stra\u00dfenbahn am Schwabentor\" title=\"Freiburg_Nahverkehr\" width=\"400\" height=\"300\"  \/><\/a><\/p>\n\t\t\t<\/div>\n\n\t\t\n\t\t<div class=\"blog-content wf-td\">\n\t\t\t<h3 class=\"entry-title\"><a href=\"https:\/\/www.innovation-academy.de\/fr\/transports-en-commun\/\" title=\"Les transports en commun\" rel=\"bookmark\">Les transports en commun<\/a><\/h3>\n\n\t\t\t\n\t\t<\/div>\n\n\t<\/article>\n\n<\/div>\n<div class=\"wf-cell\" data-post-id=\"2801\" data-date=\"2022-07-03T18:16:47+02:00\" data-name=\"Les cyclistes \u00e0 Freiburg\">\n\t<article class=\"post post-2801 type-post status-publish format-standard has-post-thumbnail hentry category-fribourg-delegations-professionnelles-urbanismemobilite category-132 description-off\">\n\n\t\t\n\t\t\t<div class=\"blog-media wf-td\">\n\n\t\t\t\t<p><a href=\"https:\/\/www.innovation-academy.de\/fr\/le-velo-a-fribourg\/\" class=\"alignnone rollover layzr-bg\" ><img decoding=\"async\" class=\"preload-me iso-lazy-load aspect\" src=\"data:image\/svg+xml,%3Csvg%20xmlns%3D&#39;http%3A%2F%2Fwww.w3.org%2F2000%2Fsvg&#39;%20viewBox%3D&#39;0%200%20400%20300&#39;%2F%3E\" data-src=\"https:\/\/www.innovation-academy.de\/wp-content\/uploads\/Freiburg_Radverkehr.jpg\" data-srcset=\"https:\/\/www.innovation-academy.de\/wp-content\/uploads\/Freiburg_Radverkehr.jpg 400w\" loading=\"eager\" style=\"--ratio: 400 \/ 300\" sizes=\"(max-width: 400px) 100vw, 400px\" alt=\"\" title=\"Freiburg_Radverkehr\" width=\"400\" height=\"300\"  \/><\/a><\/p>\n\t\t\t<\/div>\n\n\t\t\n\t\t<div class=\"blog-content wf-td\">\n\t\t\t<h3 class=\"entry-title\"><a href=\"https:\/\/www.innovation-academy.de\/fr\/le-velo-a-fribourg\/\" title=\"Les cyclistes \u00e0 Freiburg\" rel=\"bookmark\">Les cyclistes \u00e0 Freiburg<\/a><\/h3>\n\n\t\t\t\n\t\t<\/div>\n\n\t<\/article>\n\n<\/div>\n<div class=\"wf-cell\" data-post-id=\"2804\" data-date=\"2022-01-30T14:56:28+02:00\" data-name=\"La participation citoyenne\">\n\t<article class=\"post post-2804 type-post status-publish format-standard has-post-thumbnail hentry category-fribourg-delegations-professionnelles-urbanismemobilite category-132 description-off\">\n\n\t\t\n\t\t\t<div class=\"blog-media wf-td\">\n\n\t\t\t\t<p><a href=\"https:\/\/www.innovation-academy.de\/fr\/democratie-participative\/\" class=\"alignnone rollover layzr-bg\" ><img decoding=\"async\" class=\"preload-me iso-lazy-load aspect\" src=\"data:image\/svg+xml,%3Csvg%20xmlns%3D&#39;http%3A%2F%2Fwww.w3.org%2F2000%2Fsvg&#39;%20viewBox%3D&#39;0%200%20400%20300&#39;%2F%3E\" data-src=\"https:\/\/www.innovation-academy.de\/wp-content\/uploads\/Freiburg_Buergerbeteiligung.jpg\" data-srcset=\"https:\/\/www.innovation-academy.de\/wp-content\/uploads\/Freiburg_Buergerbeteiligung.jpg 400w\" loading=\"eager\" style=\"--ratio: 400 \/ 300\" sizes=\"(max-width: 400px) 100vw, 400px\" alt=\"\" title=\"Freiburg_Buergerbeteiligung\" width=\"400\" height=\"300\"  \/><\/a><\/p>\n\t\t\t<\/div>\n\n\t\t\n\t\t<div class=\"blog-content wf-td\">\n\t\t\t<h3 class=\"entry-title\"><a href=\"https:\/\/www.innovation-academy.de\/fr\/democratie-participative\/\" title=\"La participation citoyenne\" rel=\"bookmark\">La participation citoyenne<\/a><\/h3>\n\n\t\t\t\n\t\t<\/div>\n\n\t<\/article>\n\n<\/div>\n<div class=\"wf-cell\" data-post-id=\"2873\" data-date=\"2017-01-25T11:54:00+02:00\" data-name=\"Urbanisme dans la r\u00e9gion des Trois Pays\">\n\t<article class=\"post post-2873 type-post status-publish format-standard has-post-thumbnail hentry category-upper-rhine-valley-delegations-professionnelles-urbanismemobilite category-167 description-off\">\n\n\t\t\n\t\t\t<div class=\"blog-media wf-td\">\n\n\t\t\t\t<p><a href=\"https:\/\/www.innovation-academy.de\/fr\/urbanisme-durable\/\" class=\"alignnone rollover layzr-bg\" ><img decoding=\"async\" class=\"preload-me iso-lazy-load aspect\" src=\"data:image\/svg+xml,%3Csvg%20xmlns%3D&#39;http%3A%2F%2Fwww.w3.org%2F2000%2Fsvg&#39;%20viewBox%3D&#39;0%200%20400%20300&#39;%2F%3E\" data-src=\"https:\/\/www.innovation-academy.de\/wp-content\/uploads\/URV_Staedtetour.jpg\" data-srcset=\"https:\/\/www.innovation-academy.de\/wp-content\/uploads\/URV_Staedtetour.jpg 400w\" loading=\"eager\" style=\"--ratio: 400 \/ 300\" sizes=\"(max-width: 400px) 100vw, 400px\" alt=\"\" title=\"URV_Staedtetour\" width=\"400\" height=\"300\"  \/><\/a><\/p>\n\t\t\t<\/div>\n\n\t\t\n\t\t<div class=\"blog-content wf-td\">\n\t\t\t<h3 class=\"entry-title\"><a href=\"https:\/\/www.innovation-academy.de\/fr\/urbanisme-durable\/\" title=\"Urbanisme dans la r\u00e9gion des Trois Pays\" rel=\"bookmark\">Urbanisme dans la r\u00e9gion des Trois Pays<\/a><\/h3>\n\n\t\t\t\n\t\t<\/div>\n\n\t<\/article>\n\n<\/div>\n<div class=\"wf-cell\" data-post-id=\"2886\" data-date=\"2017-01-19T17:45:27+02:00\" data-name=\"Hambourg Hafencity\">\n\t<article class=\"post post-2886 type-post status-publish format-standard has-post-thumbnail hentry category-hambourg-delegations-professionnelles-urbanismemobilite category-142 description-off\">\n\n\t\t\n\t\t\t<div class=\"blog-media wf-td\">\n\n\t\t\t\t<p><a href=\"https:\/\/www.innovation-academy.de\/fr\/hambourg-hafencity\/\" class=\"alignnone rollover layzr-bg\" ><img decoding=\"async\" class=\"preload-me iso-lazy-load aspect\" src=\"data:image\/svg+xml,%3Csvg%20xmlns%3D&#39;http%3A%2F%2Fwww.w3.org%2F2000%2Fsvg&#39;%20viewBox%3D&#39;0%200%20400%20300&#39;%2F%3E\" data-src=\"https:\/\/www.innovation-academy.de\/wp-content\/uploads\/Hamburg_Elbphilharmonie.jpg\" data-srcset=\"https:\/\/www.innovation-academy.de\/wp-content\/uploads\/Hamburg_Elbphilharmonie.jpg 400w\" loading=\"eager\" style=\"--ratio: 400 \/ 300\" sizes=\"(max-width: 400px) 100vw, 400px\" alt=\"\" title=\"Hamburg_Elbphilharmonie\" width=\"400\" height=\"300\"  \/><\/a><\/p>\n\t\t\t<\/div>\n\n\t\t\n\t\t<div class=\"blog-content wf-td\">\n\t\t\t<h3 class=\"entry-title\"><a href=\"https:\/\/www.innovation-academy.de\/fr\/hambourg-hafencity\/\" title=\"Hambourg Hafencity\" rel=\"bookmark\">Hambourg Hafencity<\/a><\/h3>\n\n\t\t\t\n\t\t<\/div>\n\n\t<\/article>\n\n<\/div>\n<div class=\"wf-cell\" data-post-id=\"2889\" data-date=\"2017-01-19T14:49:05+02:00\" data-name=\"Smartcity Wilhelmsburg\">\n\t<article class=\"post post-2889 type-post status-publish format-standard has-post-thumbnail hentry category-hambourg-delegations-professionnelles-urbanismemobilite category-142 description-off\">\n\n\t\t\n\t\t\t<div class=\"blog-media wf-td\">\n\n\t\t\t\t<p><a href=\"https:\/\/www.innovation-academy.de\/fr\/smartcity-wilhelmsburg\/\" class=\"alignnone rollover layzr-bg\" ><img decoding=\"async\" class=\"preload-me iso-lazy-load aspect\" src=\"data:image\/svg+xml,%3Csvg%20xmlns%3D&#39;http%3A%2F%2Fwww.w3.org%2F2000%2Fsvg&#39;%20viewBox%3D&#39;0%200%20400%20300&#39;%2F%3E\" data-src=\"https:\/\/www.innovation-academy.de\/wp-content\/uploads\/Hamburg-Wilhelmsburg.jpg\" data-srcset=\"https:\/\/www.innovation-academy.de\/wp-content\/uploads\/Hamburg-Wilhelmsburg.jpg 400w\" loading=\"eager\" style=\"--ratio: 400 \/ 300\" sizes=\"(max-width: 400px) 100vw, 400px\" alt=\"\" title=\"Hamburg Wilhelmsburg\" width=\"400\" height=\"300\"  \/><\/a><\/p>\n\t\t\t<\/div>\n\n\t\t\n\t\t<div class=\"blog-content wf-td\">\n\t\t\t<h3 class=\"entry-title\"><a href=\"https:\/\/www.innovation-academy.de\/fr\/smartcity-wilhelmsburg\/\" title=\"Smartcity Wilhelmsburg\" rel=\"bookmark\">Smartcity Wilhelmsburg<\/a><\/h3>\n\n\t\t\t\n\t\t<\/div>\n\n\t<\/article>\n\n<\/div>\n<div class=\"wf-cell\" data-post-id=\"2910\" data-date=\"2017-01-08T19:55:02+02:00\" data-name=\"L\u2019urbanisation \u00e0 Munich\">\n\t<article class=\"post post-2910 type-post status-publish format-standard has-post-thumbnail hentry category-munich-delegations-professionnelles-urbanismemobilite category-150 description-off\">\n\n\t\t\n\t\t\t<div class=\"blog-media wf-td\">\n\n\t\t\t\t<p><a href=\"https:\/\/www.innovation-academy.de\/fr\/urbanisation-munich\/\" class=\"alignnone rollover layzr-bg\" ><img decoding=\"async\" class=\"preload-me iso-lazy-load aspect\" src=\"data:image\/svg+xml,%3Csvg%20xmlns%3D&#39;http%3A%2F%2Fwww.w3.org%2F2000%2Fsvg&#39;%20viewBox%3D&#39;0%200%20400%20300&#39;%2F%3E\" data-src=\"https:\/\/www.innovation-academy.de\/wp-content\/uploads\/Munich_Urban.jpg\" data-srcset=\"https:\/\/www.innovation-academy.de\/wp-content\/uploads\/Munich_Urban.jpg 400w\" loading=\"eager\" style=\"--ratio: 400 \/ 300\" sizes=\"(max-width: 400px) 100vw, 400px\" alt=\"\" title=\"Munich_Urban\" width=\"400\" height=\"300\"  \/><\/a><\/p>\n\t\t\t<\/div>\n\n\t\t\n\t\t<div class=\"blog-content wf-td\">\n\t\t\t<h3 class=\"entry-title\"><a href=\"https:\/\/www.innovation-academy.de\/fr\/urbanisation-munich\/\" title=\"L\u2019urbanisation \u00e0 Munich\" rel=\"bookmark\">L\u2019urbanisation \u00e0 Munich<\/a><\/h3>\n\n\t\t\t\n\t\t<\/div>\n\n\t<\/article>\n\n<\/div>\n<div class=\"wf-cell\" data-post-id=\"2913\" data-date=\"2017-01-08T19:46:57+02:00\" data-name=\"La mobilit\u00e9 \u00e0 Munich\">\n\t<article class=\"post post-2913 type-post status-publish format-standard has-post-thumbnail hentry category-munich-delegations-professionnelles-urbanismemobilite category-150 description-off\">\n\n\t\t\n\t\t\t<div class=\"blog-media wf-td\">\n\n\t\t\t\t<p><a href=\"https:\/\/www.innovation-academy.de\/fr\/mobilite-munich\/\" class=\"alignnone rollover layzr-bg\" ><img decoding=\"async\" class=\"preload-me iso-lazy-load aspect\" src=\"data:image\/svg+xml,%3Csvg%20xmlns%3D&#39;http%3A%2F%2Fwww.w3.org%2F2000%2Fsvg&#39;%20viewBox%3D&#39;0%200%20400%20300&#39;%2F%3E\" data-src=\"https:\/\/www.innovation-academy.de\/wp-content\/uploads\/Munich_Mobil.jpg\" data-srcset=\"https:\/\/www.innovation-academy.de\/wp-content\/uploads\/Munich_Mobil.jpg 400w\" loading=\"eager\" style=\"--ratio: 400 \/ 300\" sizes=\"(max-width: 400px) 100vw, 400px\" alt=\"\" title=\"Munich_Mobil\" width=\"400\" height=\"300\"  \/><\/a><\/p>\n\t\t\t<\/div>\n\n\t\t\n\t\t<div class=\"blog-content wf-td\">\n\t\t\t<h3 class=\"entry-title\"><a href=\"https:\/\/www.innovation-academy.de\/fr\/mobilite-munich\/\" title=\"La mobilit\u00e9 \u00e0 Munich\" rel=\"bookmark\">La mobilit\u00e9 \u00e0 Munich<\/a><\/h3>\n\n\t\t\t\n\t\t<\/div>\n\n\t<\/article>\n\n<\/div>\n<div class=\"wf-cell\" data-post-id=\"2923\" data-date=\"2017-01-05T12:27:45+02:00\" data-name=\"L\u2019agglom\u00e9ration trinationale de B\u00e2le\">\n\t<article class=\"post post-2923 type-post status-publish format-standard has-post-thumbnail hentry category-upper-rhine-valley-delegations-professionnelles-urbanismemobilite category-167 description-off\">\n\n\t\t\n\t\t\t<div class=\"blog-media wf-td\">\n\n\t\t\t\t<p><a href=\"https:\/\/www.innovation-academy.de\/fr\/agglomeration-trinationale-bale\/\" class=\"alignnone rollover layzr-bg\" ><img decoding=\"async\" class=\"preload-me iso-lazy-load aspect\" src=\"data:image\/svg+xml,%3Csvg%20xmlns%3D&#39;http%3A%2F%2Fwww.w3.org%2F2000%2Fsvg&#39;%20viewBox%3D&#39;0%200%20400%20300&#39;%2F%3E\" data-src=\"https:\/\/www.innovation-academy.de\/wp-content\/uploads\/URV_Basel.jpg\" data-srcset=\"https:\/\/www.innovation-academy.de\/wp-content\/uploads\/URV_Basel.jpg 400w\" loading=\"eager\" style=\"--ratio: 400 \/ 300\" sizes=\"(max-width: 400px) 100vw, 400px\" alt=\"\" title=\"URV_Basel\" width=\"400\" height=\"300\"  \/><\/a><\/p>\n\t\t\t<\/div>\n\n\t\t\n\t\t<div class=\"blog-content wf-td\">\n\t\t\t<h3 class=\"entry-title\"><a href=\"https:\/\/www.innovation-academy.de\/fr\/agglomeration-trinationale-bale\/\" title=\"L\u2019agglom\u00e9ration trinationale de B\u00e2le\" rel=\"bookmark\">L\u2019agglom\u00e9ration trinationale de B\u00e2le<\/a><\/h3>\n\n\t\t\t\n\t\t<\/div>\n\n\t<\/article>\n\n<\/div><\/div><\/div><div class=\"ult-spacer spacer-69f297eaa8fad\" data-id=\"69f297eaa8fad\" data-height=\"30\" data-height-mobile=\"30\" data-height-tab=\"30\" data-height-tab-portrait=\"\" data-height-mobile-landscape=\"\" style=\"clear:both;display:block;\"><\/div>[\/vc_column][\/vc_row][vc_row][vc_column]<div class=\"ult-spacer spacer-69f297eaa8fcc\" data-id=\"69f297eaa8fcc\" data-height=\"50\" data-height-mobile=\"50\" data-height-tab=\"50\" data-height-tab-portrait=\"\" data-height-mobile-landscape=\"\" style=\"clear:both;display:block;\"><\/div>[\/vc_column][\/vc_row][vc_row anchor=\u00a0\u00bb#schulen\u00a0\u00bb][vc_column]<div class=\"ult-spacer spacer-69f297eaa8fe2\" data-id=\"69f297eaa8fe2\" data-height=\"30\" data-height-mobile=\"30\" data-height-tab=\"30\" data-height-tab-portrait=\"\" data-height-mobile-landscape=\"\" style=\"clear:both;display:block;\"><\/div><div class=\"dt-fancy-separator title-left h2-size\" style=\"width: 100%;\"><div class=\"dt-fancy-title\"><span class=\"separator-holder separator-left\"><\/span>Urbanisme et mobilit\u00e9 pour les groupes scolaires et les lyc\u00e9es professionnels<span class=\"separator-holder separator-right\"><\/span><\/div><\/div><div class=\"ult-spacer spacer-69f297eaa902c\" data-id=\"69f297eaa902c\" data-height=\"30\" data-height-mobile=\"30\" data-height-tab=\"30\" data-height-tab-portrait=\"\" data-height-mobile-landscape=\"\" style=\"clear:both;display:block;\"><\/div><div class=\"dt-shortcode with-isotope\"><div class=\"wf-container dt-blog-shortcode loading-effect-none iso-grid description-under-image content-align-left\" data-padding=\"20px\" data-cur-page=\"1\" data-posts-per-page=\"-1\" data-width=\"370px\" data-columns=\"3\">\n<div class=\"wf-cell\" data-post-id=\"2771\" data-date=\"2025-02-18T12:09:51+02:00\" data-name=\"Visite de l\u2019\u00e9co-quartier Vauban\">\n\t<article class=\"post post-2771 type-post status-publish format-standard has-post-thumbnail hentry category-fribourg-scolaires-urbanismemobilite category-138 description-off\">\n\n\t\t\n\t\t\t<div class=\"blog-media wf-td\">\n\n\t\t\t\t<p><a href=\"https:\/\/www.innovation-academy.de\/fr\/visite-eco-quartier-vauban\/\" class=\"alignnone rollover layzr-bg\" ><img decoding=\"async\" class=\"preload-me iso-lazy-load aspect\" src=\"data:image\/svg+xml,%3Csvg%20xmlns%3D&#39;http%3A%2F%2Fwww.w3.org%2F2000%2Fsvg&#39;%20viewBox%3D&#39;0%200%20400%20300&#39;%2F%3E\" data-src=\"https:\/\/www.innovation-academy.de\/wp-content\/uploads\/Freiburg_Stadtteile.jpg\" data-srcset=\"https:\/\/www.innovation-academy.de\/wp-content\/uploads\/Freiburg_Stadtteile.jpg 400w\" loading=\"eager\" style=\"--ratio: 400 \/ 300\" sizes=\"(max-width: 400px) 100vw, 400px\" alt=\"\" title=\"Freiburg_Stadtteile\" width=\"400\" height=\"300\"  \/><\/a><\/p>\n\t\t\t<\/div>\n\n\t\t\n\t\t<div class=\"blog-content wf-td\">\n\t\t\t<h3 class=\"entry-title\"><a href=\"https:\/\/www.innovation-academy.de\/fr\/visite-eco-quartier-vauban\/\" title=\"Visite de l\u2019\u00e9co-quartier Vauban\" rel=\"bookmark\">Visite de l\u2019\u00e9co-quartier Vauban<\/a><\/h3>\n\n\t\t\t\n\t\t<\/div>\n\n\t<\/article>\n\n<\/div>\n<div class=\"wf-cell\" data-post-id=\"10922\" data-date=\"2025-02-17T12:29:16+02:00\" data-name=\"Adaptation au r\u00e9chauffement climatique\">\n\t<article class=\"post post-10922 type-post status-publish format-standard has-post-thumbnail hentry category-fribourg-scolaires-urbanismemobilite category-138 description-off\">\n\n\t\t\n\t\t\t<div class=\"blog-media wf-td\">\n\n\t\t\t\t<p><a href=\"https:\/\/www.innovation-academy.de\/fr\/adaptation-rechauffement-climatique\/\" class=\"alignnone rollover layzr-bg\" ><img decoding=\"async\" class=\"preload-me iso-lazy-load aspect\" src=\"data:image\/svg+xml,%3Csvg%20xmlns%3D&#39;http%3A%2F%2Fwww.w3.org%2F2000%2Fsvg&#39;%20viewBox%3D&#39;0%200%20400%20300&#39;%2F%3E\" data-src=\"https:\/\/www.innovation-academy.de\/wp-content\/uploads\/klimaanpassung.jpg\" data-srcset=\"https:\/\/www.innovation-academy.de\/wp-content\/uploads\/klimaanpassung.jpg 400w\" loading=\"eager\" style=\"--ratio: 400 \/ 300\" sizes=\"(max-width: 400px) 100vw, 400px\" alt=\"\" title=\"Klimaanpassung\" width=\"400\" height=\"300\"  \/><\/a><\/p>\n\t\t\t<\/div>\n\n\t\t\n\t\t<div class=\"blog-content wf-td\">\n\t\t\t<h3 class=\"entry-title\"><a href=\"https:\/\/www.innovation-academy.de\/fr\/adaptation-rechauffement-climatique\/\" title=\"Adaptation au r\u00e9chauffement climatique\" rel=\"bookmark\">Adaptation au r\u00e9chauffement climatique<\/a><\/h3>\n\n\t\t\t\n\t\t<\/div>\n\n\t<\/article>\n\n<\/div>\n<div class=\"wf-cell\" data-post-id=\"10940\" data-date=\"2025-02-07T13:18:48+02:00\" data-name=\"Le nouveau stade de foot et le nouvel h\u00f4tel de ville\">\n\t<article class=\"post post-10940 type-post status-publish format-standard has-post-thumbnail hentry category-fribourg-scolaires-urbanismemobilite category-138 description-off\">\n\n\t\t\n\t\t\t<div class=\"blog-media wf-td\">\n\n\t\t\t\t<p><a href=\"https:\/\/www.innovation-academy.de\/fr\/energie-renouvelable-stade-foot\/\" class=\"alignnone rollover layzr-bg\" ><img decoding=\"async\" class=\"preload-me iso-lazy-load aspect\" src=\"data:image\/svg+xml,%3Csvg%20xmlns%3D&#39;http%3A%2F%2Fwww.w3.org%2F2000%2Fsvg&#39;%20viewBox%3D&#39;0%200%20400%20300&#39;%2F%3E\" data-src=\"https:\/\/www.innovation-academy.de\/wp-content\/uploads\/Europapark-Stadion.jpg\" data-srcset=\"https:\/\/www.innovation-academy.de\/wp-content\/uploads\/Europapark-Stadion.jpg 400w\" loading=\"eager\" style=\"--ratio: 400 \/ 300\" sizes=\"(max-width: 400px) 100vw, 400px\" alt=\"\" title=\"Europapark-Stadion\" width=\"400\" height=\"300\"  \/><\/a><\/p>\n\t\t\t<\/div>\n\n\t\t\n\t\t<div class=\"blog-content wf-td\">\n\t\t\t<h3 class=\"entry-title\"><a href=\"https:\/\/www.innovation-academy.de\/fr\/energie-renouvelable-stade-foot\/\" title=\"Le nouveau stade de foot et le nouvel h\u00f4tel de ville\" rel=\"bookmark\">Le nouveau stade de foot et le nouvel h\u00f4tel de ville<\/a><\/h3>\n\n\t\t\t\n\t\t<\/div>\n\n\t<\/article>\n\n<\/div>\n<div class=\"wf-cell\" data-post-id=\"8787\" data-date=\"2021-10-17T12:18:27+02:00\" data-name=\"La mobilit\u00e9 douce et multimodale \u00e0 Freiburg &amp; le nouvel H\u00f4tel de ville (RIS)\">\n\t<article class=\"post post-8787 type-post status-publish format-standard has-post-thumbnail hentry category-fribourg-scolaires-energie category-fribourg-scolaires-urbanismemobilite category-136 category-138 description-off\">\n\n\t\t\n\t\t\t<div class=\"blog-media wf-td\">\n\n\t\t\t\t<p><a href=\"https:\/\/www.innovation-academy.de\/fr\/mobilite-multimodale-et-le-nouvel-hotel-de-ville\/\" class=\"alignnone rollover layzr-bg\" ><img decoding=\"async\" class=\"preload-me iso-lazy-load aspect\" src=\"data:image\/svg+xml,%3Csvg%20xmlns%3D&#39;http%3A%2F%2Fwww.w3.org%2F2000%2Fsvg&#39;%20viewBox%3D&#39;0%200%20400%20300&#39;%2F%3E\" data-src=\"https:\/\/www.innovation-academy.de\/wp-content\/uploads\/RIS_Schueler.jpg\" data-srcset=\"https:\/\/www.innovation-academy.de\/wp-content\/uploads\/RIS_Schueler.jpg 400w\" loading=\"eager\" style=\"--ratio: 400 \/ 300\" sizes=\"(max-width: 400px) 100vw, 400px\" alt=\"\" title=\"RIS_Schueler\" width=\"400\" height=\"300\"  \/><\/a><\/p>\n\t\t\t<\/div>\n\n\t\t\n\t\t<div class=\"blog-content wf-td\">\n\t\t\t<h3 class=\"entry-title\"><a href=\"https:\/\/www.innovation-academy.de\/fr\/mobilite-multimodale-et-le-nouvel-hotel-de-ville\/\" title=\"La mobilit\u00e9 douce et multimodale \u00e0 Freiburg &#038; le nouvel H\u00f4tel de ville (RIS)\" rel=\"bookmark\">La mobilit\u00e9 douce et multimodale \u00e0 Freiburg &#038; le nouvel H\u00f4tel de ville (RIS)<\/a><\/h3>\n\n\t\t\t\n\t\t<\/div>\n\n\t<\/article>\n\n<\/div>\n<div class=\"wf-cell\" data-post-id=\"10499\" data-date=\"2018-08-08T11:57:39+02:00\" data-name=\"Randonn\u00e9e au Schlossberg\">\n\t<article class=\"post post-10499 type-post status-publish format-standard has-post-thumbnail hentry category-fribourg-scolaires-urbanismemobilite category-138 description-off\">\n\n\t\t\n\t\t\t<div class=\"blog-media wf-td\">\n\n\t\t\t\t<p><a href=\"https:\/\/www.innovation-academy.de\/fr\/schlossberg\/\" class=\"alignnone rollover layzr-bg\" ><img decoding=\"async\" class=\"preload-me iso-lazy-load aspect\" src=\"data:image\/svg+xml,%3Csvg%20xmlns%3D&#39;http%3A%2F%2Fwww.w3.org%2F2000%2Fsvg&#39;%20viewBox%3D&#39;0%200%20400%20300&#39;%2F%3E\" data-src=\"https:\/\/www.innovation-academy.de\/wp-content\/uploads\/Freiburg_Schlossberg.jpg\" data-srcset=\"https:\/\/www.innovation-academy.de\/wp-content\/uploads\/Freiburg_Schlossberg.jpg 400w\" loading=\"eager\" style=\"--ratio: 400 \/ 300\" sizes=\"(max-width: 400px) 100vw, 400px\" alt=\"\" title=\"Freiburg_Schlossberg\" width=\"400\" height=\"300\"  \/><\/a><\/p>\n\t\t\t<\/div>\n\n\t\t\n\t\t<div class=\"blog-content wf-td\">\n\t\t\t<h3 class=\"entry-title\"><a href=\"https:\/\/www.innovation-academy.de\/fr\/schlossberg\/\" title=\"Randonn\u00e9e au Schlossberg\" rel=\"bookmark\">Randonn\u00e9e au Schlossberg<\/a><\/h3>\n\n\t\t\t\n\t\t<\/div>\n\n\t<\/article>\n\n<\/div>\n<div class=\"wf-cell\" data-post-id=\"3026\" data-date=\"2017-05-04T14:47:47+02:00\" data-name=\"Rallye dans la Cit\u00e9-jardin de Fribourg\">\n\t<article class=\"post post-3026 type-post status-publish format-standard has-post-thumbnail hentry category-fribourg-scolaires-urbanismemobilite category-138 description-off\">\n\n\t\t\n\t\t\t<div class=\"blog-media wf-td\">\n\n\t\t\t\t<p><a href=\"https:\/\/www.innovation-academy.de\/fr\/rallye-cite-jardin-fribourg\/\" class=\"alignnone rollover layzr-bg\" ><img decoding=\"async\" class=\"preload-me iso-lazy-load aspect\" src=\"data:image\/svg+xml,%3Csvg%20xmlns%3D&#39;http%3A%2F%2Fwww.w3.org%2F2000%2Fsvg&#39;%20viewBox%3D&#39;0%200%20400%20300&#39;%2F%3E\" data-src=\"https:\/\/www.innovation-academy.de\/wp-content\/uploads\/Greencity_Schulen_Stuehlinger.jpg\" data-srcset=\"https:\/\/www.innovation-academy.de\/wp-content\/uploads\/Greencity_Schulen_Stuehlinger.jpg 400w\" loading=\"eager\" style=\"--ratio: 400 \/ 300\" sizes=\"(max-width: 400px) 100vw, 400px\" alt=\"Rallye im St\u00fchlinger\" title=\"Greencity_Schulen_Stuehlinger\" width=\"400\" height=\"300\"  \/><\/a><\/p>\n\t\t\t<\/div>\n\n\t\t\n\t\t<div class=\"blog-content wf-td\">\n\t\t\t<h3 class=\"entry-title\"><a href=\"https:\/\/www.innovation-academy.de\/fr\/rallye-cite-jardin-fribourg\/\" title=\"Rallye dans la Cit\u00e9-jardin de Fribourg\" rel=\"bookmark\">Rallye dans la Cit\u00e9-jardin de Fribourg<\/a><\/h3>\n\n\t\t\t\n\t\t<\/div>\n\n\t<\/article>\n\n<\/div>\n<div class=\"wf-cell\" data-post-id=\"2774\" data-date=\"2016-02-18T14:32:55+02:00\" data-name=\"Rallye dans l\u2019\u00e9co-quartier Rieselfeld\">\n\t<article class=\"post post-2774 type-post status-publish format-standard has-post-thumbnail hentry category-fribourg-scolaires-urbanismemobilite category-138 description-off\">\n\n\t\t\n\t\t\t<div class=\"blog-media wf-td\">\n\n\t\t\t\t<p><a href=\"https:\/\/www.innovation-academy.de\/fr\/rallye-eco-quartier-rieselfeld\/\" class=\"alignnone rollover layzr-bg\" ><img decoding=\"async\" class=\"preload-me iso-lazy-load aspect\" src=\"data:image\/svg+xml,%3Csvg%20xmlns%3D&#39;http%3A%2F%2Fwww.w3.org%2F2000%2Fsvg&#39;%20viewBox%3D&#39;0%200%20400%20300&#39;%2F%3E\" data-src=\"https:\/\/www.innovation-academy.de\/wp-content\/uploads\/Greencity_Schulen_Rieselfeld.jpg\" data-srcset=\"https:\/\/www.innovation-academy.de\/wp-content\/uploads\/Greencity_Schulen_Rieselfeld.jpg 400w\" loading=\"eager\" style=\"--ratio: 400 \/ 300\" sizes=\"(max-width: 400px) 100vw, 400px\" alt=\"\" title=\"Greencity_Schulen_Rieselfeld\" width=\"400\" height=\"300\"  \/><\/a><\/p>\n\t\t\t<\/div>\n\n\t\t\n\t\t<div class=\"blog-content wf-td\">\n\t\t\t<h3 class=\"entry-title\"><a href=\"https:\/\/www.innovation-academy.de\/fr\/rallye-eco-quartier-rieselfeld\/\" title=\"Rallye dans l\u2019\u00e9co-quartier Rieselfeld\" rel=\"bookmark\">Rallye dans l\u2019\u00e9co-quartier Rieselfeld<\/a><\/h3>\n\n\t\t\t\n\t\t<\/div>\n\n\t<\/article>\n\n<\/div>\n<div class=\"wf-cell\" data-post-id=\"2763\" data-date=\"2016-02-16T16:42:00+02:00\" data-name=\"Visite de la vieille ville de Fribourg et pr\u00e9sentation de son concept de mobilit\u00e9\">\n\t<article class=\"post post-2763 type-post status-publish format-standard has-post-thumbnail hentry category-fribourg-scolaires-urbanismemobilite category-138 description-off\">\n\n\t\t\n\t\t\t<div class=\"blog-media wf-td\">\n\n\t\t\t\t<p><a href=\"https:\/\/www.innovation-academy.de\/fr\/centre-historique-et-concept-transports-fribourg\/\" class=\"alignnone rollover layzr-bg\" ><img decoding=\"async\" class=\"preload-me iso-lazy-load aspect\" src=\"data:image\/svg+xml,%3Csvg%20xmlns%3D&#39;http%3A%2F%2Fwww.w3.org%2F2000%2Fsvg&#39;%20viewBox%3D&#39;0%200%20400%20300&#39;%2F%3E\" data-src=\"https:\/\/www.innovation-academy.de\/wp-content\/uploads\/Greencity_Schulen_Altstadt.jpg\" data-srcset=\"https:\/\/www.innovation-academy.de\/wp-content\/uploads\/Greencity_Schulen_Altstadt.jpg 400w\" loading=\"eager\" style=\"--ratio: 400 \/ 300\" sizes=\"(max-width: 400px) 100vw, 400px\" alt=\"M\u00fcnster\" title=\"Greencity_Schulen_Altstadt\" width=\"400\" height=\"300\"  \/><\/a><\/p>\n\t\t\t<\/div>\n\n\t\t\n\t\t<div class=\"blog-content wf-td\">\n\t\t\t<h3 class=\"entry-title\"><a href=\"https:\/\/www.innovation-academy.de\/fr\/centre-historique-et-concept-transports-fribourg\/\" title=\"Visite de la vieille ville de Fribourg et pr\u00e9sentation de son concept de mobilit\u00e9\" rel=\"bookmark\">Visite de la vieille ville de Fribourg et pr\u00e9sentation de son concept de mobilit\u00e9<\/a><\/h3>\n\n\t\t\t\n\t\t<\/div>\n\n\t<\/article>\n\n<\/div>\n<div class=\"wf-cell\" data-post-id=\"2954\" data-date=\"2016-01-27T16:35:12+02:00\" data-name=\"Hamburg Hafencity\">\n\t<article class=\"post post-2954 type-post status-publish format-standard has-post-thumbnail hentry category-hambourg-scolaires-urbanismemobilite category-146 description-off\">\n\n\t\t\n\t\t\t<div class=\"blog-media wf-td\">\n\n\t\t\t\t<p><a href=\"https:\/\/www.innovation-academy.de\/fr\/visite-groupe-scolaire-hafencity\/\" class=\"alignnone rollover layzr-bg\" ><img decoding=\"async\" class=\"preload-me iso-lazy-load aspect\" src=\"data:image\/svg+xml,%3Csvg%20xmlns%3D&#39;http%3A%2F%2Fwww.w3.org%2F2000%2Fsvg&#39;%20viewBox%3D&#39;0%200%20400%20300&#39;%2F%3E\" data-src=\"https:\/\/www.innovation-academy.de\/wp-content\/uploads\/Hamburg_Elbphilharmonie.jpg\" data-srcset=\"https:\/\/www.innovation-academy.de\/wp-content\/uploads\/Hamburg_Elbphilharmonie.jpg 400w\" loading=\"eager\" style=\"--ratio: 400 \/ 300\" sizes=\"(max-width: 400px) 100vw, 400px\" alt=\"\" title=\"Hamburg_Elbphilharmonie\" width=\"400\" height=\"300\"  \/><\/a><\/p>\n\t\t\t<\/div>\n\n\t\t\n\t\t<div class=\"blog-content wf-td\">\n\t\t\t<h3 class=\"entry-title\"><a href=\"https:\/\/www.innovation-academy.de\/fr\/visite-groupe-scolaire-hafencity\/\" title=\"Hamburg Hafencity\" rel=\"bookmark\">Hamburg Hafencity<\/a><\/h3>\n\n\t\t\t\n\t\t<\/div>\n\n\t<\/article>\n\n<\/div>\n<div class=\"wf-cell\" data-post-id=\"2961\" data-date=\"2016-01-25T17:32:00+02:00\" data-name=\"St. Pauli: Hafenstra\u00dfe-Strandperle\">\n\t<article class=\"post post-2961 type-post status-publish format-standard has-post-thumbnail hentry category-hambourg-scolaires-urbanismemobilite category-146 description-off\">\n\n\t\t\n\t\t\t<div class=\"blog-media wf-td\">\n\n\t\t\t\t<p><a href=\"https:\/\/www.innovation-academy.de\/fr\/visite-scolaire-hambourg-st-pauli-hafenstrasse\/\" class=\"alignnone rollover layzr-bg\" ><img decoding=\"async\" class=\"preload-me iso-lazy-load aspect\" src=\"data:image\/svg+xml,%3Csvg%20xmlns%3D&#39;http%3A%2F%2Fwww.w3.org%2F2000%2Fsvg&#39;%20viewBox%3D&#39;0%200%20400%20300&#39;%2F%3E\" data-src=\"https:\/\/www.innovation-academy.de\/wp-content\/uploads\/Hamburg_Schulen_StPauli.jpg\" data-srcset=\"https:\/\/www.innovation-academy.de\/wp-content\/uploads\/Hamburg_Schulen_StPauli.jpg 400w\" loading=\"eager\" style=\"--ratio: 400 \/ 300\" sizes=\"(max-width: 400px) 100vw, 400px\" alt=\"\" title=\"Hamburg_Schulen_StPauli\" width=\"400\" height=\"300\"  \/><\/a><\/p>\n\t\t\t<\/div>\n\n\t\t\n\t\t<div class=\"blog-content wf-td\">\n\t\t\t<h3 class=\"entry-title\"><a href=\"https:\/\/www.innovation-academy.de\/fr\/visite-scolaire-hambourg-st-pauli-hafenstrasse\/\" title=\"St. Pauli: Hafenstra\u00dfe-Strandperle\" rel=\"bookmark\">St. Pauli: Hafenstra\u00dfe-Strandperle<\/a><\/h3>\n\n\t\t\t\n\t\t<\/div>\n\n\t<\/article>\n\n<\/div><\/div><\/div><div class=\"ult-spacer spacer-69f297eab8967\" data-id=\"69f297eab8967\" data-height=\"30\" data-height-mobile=\"30\" data-height-tab=\"30\" data-height-tab-portrait=\"\" data-height-mobile-landscape=\"\" style=\"clear:both;display:block;\"><\/div>[\/vc_column][\/vc_row]<\/p>\n<\/div>","protected":false},"excerpt":{"rendered":"<p>[vc_row][vc_column][vc_column_text] Urbanisme et mobilit\u00e9 [\/vc_column_text][\/vc_column][\/vc_row][vc_row][vc_column width=\u00a0\u00bb1\/3&Prime;][vc_column_text css=\u00a0\u00bb.vc_custom_1504788763051{background-color: #eaeaea !important;}\u00a0\u00bb] Plan local d&rsquo;urbanisme Transports en commun Ville durable Pistes cyclables Zone pi\u00e9tonne D\u00e9mocratie participative Eco-quartiers [\/vc_column_text][\/vc_column][vc_column width=\u00a0\u00bb2\/3&Prime;][layerslider_vc id=\u00a0\u00bb17&Prime;][\/vc_column][\/vc_row][vc_row][vc_column][vc_column_text]Au niveau mondial, de plus en plus de personnes vivent en ville &#8211; ce qui cause des probl\u00e8mes environnementaux ainsi que le changement climatique. Le chauffage et la climatisation&hellip;<\/p>\n","protected":false},"author":1,"featured_media":0,"parent":0,"menu_order":0,"comment_status":"closed","ping_status":"closed","template":"","meta":{"footnotes":""},"class_list":["post-3100","page","type-page","status-publish","hentry","description-off"],"yoast_head":"<!-- This site is optimized with the Yoast SEO plugin v26.2 - https:\/\/yoast.com\/wordpress\/plugins\/seo\/ -->\n<title>Urbanisme et mobilit\u00e9 - Innovation Academy<\/title>\n<meta name=\"robots\" content=\"index, follow, max-snippet:-1, max-image-preview:large, max-video-preview:-1\" \/>\n<link rel=\"canonical\" href=\"https:\/\/www.innovation-academy.de\/fr\/urbanisme-transports-et-mobilite\/\" \/>\n<meta property=\"og:locale\" content=\"fr_FR\" \/>\n<meta property=\"og:type\" content=\"article\" \/>\n<meta property=\"og:title\" content=\"Urbanisme et mobilit\u00e9 - Innovation Academy\" \/>\n<meta property=\"og:description\" content=\"[vc_row][vc_column][vc_column_text] Urbanisme et mobilit\u00e9 [\/vc_column_text][\/vc_column][\/vc_row][vc_row][vc_column width=\u00a0\u00bb1\/3&Prime;][vc_column_text css=\u00a0\u00bb.vc_custom_1504788763051{background-color: #eaeaea !important;}\u00a0\u00bb] Plan local d&rsquo;urbanisme Transports en commun Ville durable Pistes cyclables Zone pi\u00e9tonne D\u00e9mocratie participative Eco-quartiers [\/vc_column_text][\/vc_column][vc_column width=\u00a0\u00bb2\/3&Prime;][layerslider_vc id=\u00a0\u00bb17&Prime;][\/vc_column][\/vc_row][vc_row][vc_column][vc_column_text]Au niveau mondial, de plus en plus de personnes vivent en ville &#8211; ce qui cause des probl\u00e8mes environnementaux ainsi que le changement climatique. Le chauffage et la climatisation&hellip;\" \/>\n<meta property=\"og:url\" content=\"https:\/\/www.innovation-academy.de\/fr\/urbanisme-transports-et-mobilite\/\" \/>\n<meta property=\"og:site_name\" content=\"Innovation Academy\" \/>\n<meta property=\"article:modified_time\" content=\"2022-12-26T16:41:56+00:00\" \/>\n<meta name=\"twitter:card\" content=\"summary_large_image\" \/>\n<meta name=\"twitter:label1\" content=\"Dur\u00e9e de lecture estim\u00e9e\" \/>\n\t<meta name=\"twitter:data1\" content=\"2 minutes\" \/>\n<script type=\"application\/ld+json\" class=\"yoast-schema-graph\">{\"@context\":\"https:\/\/schema.org\",\"@graph\":[{\"@type\":\"WebPage\",\"@id\":\"https:\/\/www.innovation-academy.de\/fr\/urbanisme-transports-et-mobilite\/\",\"url\":\"https:\/\/www.innovation-academy.de\/fr\/urbanisme-transports-et-mobilite\/\",\"name\":\"Urbanisme et mobilit\u00e9 - Innovation Academy\",\"isPartOf\":{\"@id\":\"https:\/\/www.innovation-academy.de\/fr\/#website\"},\"datePublished\":\"2015-10-19T08:20:19+00:00\",\"dateModified\":\"2022-12-26T16:41:56+00:00\",\"breadcrumb\":{\"@id\":\"https:\/\/www.innovation-academy.de\/fr\/urbanisme-transports-et-mobilite\/#breadcrumb\"},\"inLanguage\":\"fr-FR\",\"potentialAction\":[{\"@type\":\"ReadAction\",\"target\":[\"https:\/\/www.innovation-academy.de\/fr\/urbanisme-transports-et-mobilite\/\"]}]},{\"@type\":\"BreadcrumbList\",\"@id\":\"https:\/\/www.innovation-academy.de\/fr\/urbanisme-transports-et-mobilite\/#breadcrumb\",\"itemListElement\":[{\"@type\":\"ListItem\",\"position\":1,\"name\":\"Home\",\"item\":\"https:\/\/www.innovation-academy.de\/fr\/\"},{\"@type\":\"ListItem\",\"position\":2,\"name\":\"Urbanisme et mobilit\u00e9\"}]},{\"@type\":\"WebSite\",\"@id\":\"https:\/\/www.innovation-academy.de\/fr\/#website\",\"url\":\"https:\/\/www.innovation-academy.de\/fr\/\",\"name\":\"Innovation Academy\",\"description\":\"Innovation Academy\",\"potentialAction\":[{\"@type\":\"SearchAction\",\"target\":{\"@type\":\"EntryPoint\",\"urlTemplate\":\"https:\/\/www.innovation-academy.de\/fr\/?s={search_term_string}\"},\"query-input\":{\"@type\":\"PropertyValueSpecification\",\"valueRequired\":true,\"valueName\":\"search_term_string\"}}],\"inLanguage\":\"fr-FR\"}]}<\/script>\n<!-- \/ Yoast SEO plugin. -->","yoast_head_json":{"title":"Urbanisme et mobilit\u00e9 - Innovation Academy","robots":{"index":"index","follow":"follow","max-snippet":"max-snippet:-1","max-image-preview":"max-image-preview:large","max-video-preview":"max-video-preview:-1"},"canonical":"https:\/\/www.innovation-academy.de\/fr\/urbanisme-transports-et-mobilite\/","og_locale":"fr_FR","og_type":"article","og_title":"Urbanisme et mobilit\u00e9 - Innovation Academy","og_description":"[vc_row][vc_column][vc_column_text] Urbanisme et mobilit\u00e9 [\/vc_column_text][\/vc_column][\/vc_row][vc_row][vc_column width=\u00a0\u00bb1\/3&Prime;][vc_column_text css=\u00a0\u00bb.vc_custom_1504788763051{background-color: #eaeaea !important;}\u00a0\u00bb] Plan local d&rsquo;urbanisme Transports en commun Ville durable Pistes cyclables Zone pi\u00e9tonne D\u00e9mocratie participative Eco-quartiers [\/vc_column_text][\/vc_column][vc_column width=\u00a0\u00bb2\/3&Prime;][layerslider_vc id=\u00a0\u00bb17&Prime;][\/vc_column][\/vc_row][vc_row][vc_column][vc_column_text]Au niveau mondial, de plus en plus de personnes vivent en ville &#8211; ce qui cause des probl\u00e8mes environnementaux ainsi que le changement climatique. Le chauffage et la climatisation&hellip;","og_url":"https:\/\/www.innovation-academy.de\/fr\/urbanisme-transports-et-mobilite\/","og_site_name":"Innovation Academy","article_modified_time":"2022-12-26T16:41:56+00:00","twitter_card":"summary_large_image","twitter_misc":{"Dur\u00e9e de lecture estim\u00e9e":"2 minutes"},"schema":{"@context":"https:\/\/schema.org","@graph":[{"@type":"WebPage","@id":"https:\/\/www.innovation-academy.de\/fr\/urbanisme-transports-et-mobilite\/","url":"https:\/\/www.innovation-academy.de\/fr\/urbanisme-transports-et-mobilite\/","name":"Urbanisme et mobilit\u00e9 - Innovation Academy","isPartOf":{"@id":"https:\/\/www.innovation-academy.de\/fr\/#website"},"datePublished":"2015-10-19T08:20:19+00:00","dateModified":"2022-12-26T16:41:56+00:00","breadcrumb":{"@id":"https:\/\/www.innovation-academy.de\/fr\/urbanisme-transports-et-mobilite\/#breadcrumb"},"inLanguage":"fr-FR","potentialAction":[{"@type":"ReadAction","target":["https:\/\/www.innovation-academy.de\/fr\/urbanisme-transports-et-mobilite\/"]}]},{"@type":"BreadcrumbList","@id":"https:\/\/www.innovation-academy.de\/fr\/urbanisme-transports-et-mobilite\/#breadcrumb","itemListElement":[{"@type":"ListItem","position":1,"name":"Home","item":"https:\/\/www.innovation-academy.de\/fr\/"},{"@type":"ListItem","position":2,"name":"Urbanisme et mobilit\u00e9"}]},{"@type":"WebSite","@id":"https:\/\/www.innovation-academy.de\/fr\/#website","url":"https:\/\/www.innovation-academy.de\/fr\/","name":"Innovation Academy","description":"Innovation Academy","potentialAction":[{"@type":"SearchAction","target":{"@type":"EntryPoint","urlTemplate":"https:\/\/www.innovation-academy.de\/fr\/?s={search_term_string}"},"query-input":{"@type":"PropertyValueSpecification","valueRequired":true,"valueName":"search_term_string"}}],"inLanguage":"fr-FR"}]}},"_links":{"self":[{"href":"https:\/\/www.innovation-academy.de\/fr\/wp-json\/wp\/v2\/pages\/3100","targetHints":{"allow":["GET"]}}],"collection":[{"href":"https:\/\/www.innovation-academy.de\/fr\/wp-json\/wp\/v2\/pages"}],"about":[{"href":"https:\/\/www.innovation-academy.de\/fr\/wp-json\/wp\/v2\/types\/page"}],"author":[{"embeddable":true,"href":"https:\/\/www.innovation-academy.de\/fr\/wp-json\/wp\/v2\/users\/1"}],"replies":[{"embeddable":true,"href":"https:\/\/www.innovation-academy.de\/fr\/wp-json\/wp\/v2\/comments?post=3100"}],"version-history":[{"count":7,"href":"https:\/\/www.innovation-academy.de\/fr\/wp-json\/wp\/v2\/pages\/3100\/revisions"}],"predecessor-version":[{"id":9390,"href":"https:\/\/www.innovation-academy.de\/fr\/wp-json\/wp\/v2\/pages\/3100\/revisions\/9390"}],"wp:attachment":[{"href":"https:\/\/www.innovation-academy.de\/fr\/wp-json\/wp\/v2\/media?parent=3100"}],"curies":[{"name":"wp","href":"https:\/\/api.w.org\/{rel}","templated":true}]}}