{"id":2975,"date":"2015-11-06T20:18:56","date_gmt":"2015-11-06T18:18:56","guid":{"rendered":"http:\/\/www.innovation-academy.de\/energie\/"},"modified":"2017-09-14T15:44:56","modified_gmt":"2017-09-14T13:44:56","slug":"energie-et-energies-renouvelables","status":"publish","type":"page","link":"https:\/\/www.innovation-academy.de\/fr\/energie-et-energies-renouvelables\/","title":{"rendered":"\u00c9nergie"},"content":{"rendered":"<div class=\"wpb-content-wrapper\"><p>[vc_row][vc_column]<div class=\"ult-spacer spacer-69f27d83b555b\" data-id=\"69f27d83b555b\" data-height=\"30\" data-height-mobile=\"30\" data-height-tab=\"30\" data-height-tab-portrait=\"\" data-height-mobile-landscape=\"\" style=\"clear:both;display:block;\"><\/div>[vc_column_text]<\/p>\n<h1 style=\"text-align: center;\">\u00c9nergie<\/h1>\n<p>[\/vc_column_text]<div class=\"ult-spacer spacer-69f27d83b561c\" data-id=\"69f27d83b561c\" data-height=\"30\" data-height-mobile=\"30\" data-height-tab=\"30\" data-height-tab-portrait=\"\" data-height-mobile-landscape=\"\" style=\"clear:both;display:block;\"><\/div>[\/vc_column][\/vc_row][vc_row][vc_column width=\u00a0\u00bb1\/3&Prime;][vc_column_text css=\u00a0\u00bb.vc_custom_1493820288491{background-color: #eaeaea !important;}\u00a0\u00bb]<\/p>\n<h2 style=\"text-align: center;\"><span style=\"color: #dd9933;\">Transition \u00e9nerg\u00e9tique<\/span><\/h2>\n<h2 style=\"text-align: center;\"><span style=\"color: #dd9933;\">\u00c9olien<\/span><\/h2>\n<h2 style=\"text-align: center;\"><span style=\"color: #dd9933;\">Solaire photovolta\u00efque <\/span><\/h2>\n<h2 style=\"text-align: center;\"><span style=\"color: #dd9933;\">Biogaz<\/span><\/h2>\n<h2 style=\"text-align: center;\"><span style=\"color: #dd9933;\">Solaire thermique<br \/>\n<\/span><\/h2>\n<h2 style=\"text-align: center;\"><span style=\"color: #dd9933;\">G\u00e9othermie<\/span><\/h2>\n<h2 style=\"text-align: center;\"><span style=\"color: #dd9933;\">Hydro\u00e9lectricit\u00e9<\/span><\/h2>\n<p>[\/vc_column_text][\/vc_column][vc_column width=\u00a0\u00bb2\/3&Prime;][layerslider_vc id=\u00a0\u00bb7&Prime;][\/vc_column][\/vc_row][vc_row][vc_column][vc_column_text]La transition \u00e9nerg\u00e9tique (Energiewende) allemande est mondialement connue. Nous vous pr\u00e9sentons des villes, des d\u00e9partements et des r\u00e9gions qui ont mis en place des concepts \u00e9nerg\u00e9tiques ambitieux en d\u00e9veloppant fortement les \u00e9nergies renouvelables. Et aujourd\u2019hui, des installations photovolta\u00efques couvrent dans certains villages entre 40 et 100% des besoins en \u00e9lectricit\u00e9 des m\u00e9nages. D\u2019autres communes produisent m\u00eame par vent faible et gr\u00e2ce \u00e0 des \u00e9oliennes performantes jusqu\u2019\u00e0 300% de leur besoin \u00e9nerg\u00e9tique. Le soleil, le vent, l\u2019\u00e9nergie hydraulique, la biomasse et la g\u00e9othermie sont au centre de nos int\u00e9r\u00eats.[\/vc_column_text][\/vc_column][\/vc_row][vc_row][vc_column]<div class=\"ult-spacer spacer-69f27d83b5649\" data-id=\"69f27d83b5649\" data-height=\"30\" data-height-mobile=\"30\" data-height-tab=\"30\" data-height-tab-portrait=\"\" data-height-mobile-landscape=\"\" style=\"clear:both;display:block;\"><\/div>[\/vc_column][\/vc_row][vc_row][vc_column width=\u00a0\u00bb1\/2&Prime;]<div class=\" ubtn-ctn-center \"><a class=\"ubtn-link ult-adjust-bottom-margin ubtn-center ubtn-large \" href=\"#fachbesucher\" title=\"Energie f\u00fcr Fachbesucher und Universit\u00e4ten\" ><button type=\"button\" id=\"ubtn-9530\"  class=\"ubtn ult-adjust-bottom-margin ult-responsive ubtn-large ubtn-no-hover-bg  none  ubtn-center   tooltip-69f27d83b5736\"  data-hover=\"#ffffff\" data-border-color=\"#ffbf00\" data-bg=\"#ffffff\" data-hover-bg=\"#ffbf00\" data-border-hover=\"#ffffff\" data-shadow-hover=\"\" data-shadow-click=\"none\" data-shadow=\"\" data-shd-shadow=\"\"  data-ultimate-target='#ubtn-9530'  data-responsive-json-new='{\"font-size\":\"desktop:20px;\",\"line-height\":\"\"}'  style=\"font-weight:bold;border-radius:6px;border-width:3px;border-color:#ffbf00;border-style:solid;background: #ffffff;color: #ffbf00;\"><span class=\"ubtn-hover\" style=\"background-color:#ffbf00\"><\/span><span class=\"ubtn-data ubtn-text \" >D\u00e9l\u00e9gations professionnelles et universit\u00e9s<\/span><\/button><\/a><\/div><div class=\"ult-spacer spacer-69f27d83b589d\" data-id=\"69f27d83b589d\" data-height=\"30\" data-height-mobile=\"30\" data-height-tab=\"30\" data-height-tab-portrait=\"\" data-height-mobile-landscape=\"\" style=\"clear:both;display:block;\"><\/div>[\/vc_column][vc_column width=\u00a0\u00bb1\/2&Prime;]<div class=\" ubtn-ctn-center \"><a class=\"ubtn-link ult-adjust-bottom-margin ubtn-center ubtn-large \" href=\"#schulen\" title=\"Energie f\u00fcr Schulen und Jugendgruppen\" ><button type=\"button\" id=\"ubtn-7554\"  class=\"ubtn ult-adjust-bottom-margin ult-responsive ubtn-large ubtn-no-hover-bg  none  ubtn-center   tooltip-69f27d83b58da\"  data-hover=\"#ffffff\" data-border-color=\"#ffbf00\" data-bg=\"#ffffff\" data-hover-bg=\"#ffbf00\" data-border-hover=\"#ffffff\" data-shadow-hover=\"\" data-shadow-click=\"none\" data-shadow=\"\" data-shd-shadow=\"\"  data-ultimate-target='#ubtn-7554'  data-responsive-json-new='{\"font-size\":\"desktop:20px;\",\"line-height\":\"\"}'  style=\"font-weight:bold;border-radius:6px;border-width:3px;border-color:#ffbf00;border-style:solid;background: #ffffff;color: #ffbf00;\"><span class=\"ubtn-hover\" style=\"background-color:#ffbf00\"><\/span><span class=\"ubtn-data ubtn-text \" >Groupes scolaires et lyc\u00e9es professionnels<\/span><\/button><\/a><\/div><div class=\"ult-spacer spacer-69f27d83b593d\" data-id=\"69f27d83b593d\" data-height=\"30\" data-height-mobile=\"30\" data-height-tab=\"30\" data-height-tab-portrait=\"\" data-height-mobile-landscape=\"\" style=\"clear:both;display:block;\"><\/div>[\/vc_column][\/vc_row][vc_row anchor=\u00a0\u00bb#fachbesucher\u00a0\u00bb][vc_column]<div class=\"ult-spacer spacer-69f27d83b599d\" data-id=\"69f27d83b599d\" data-height=\"30\" data-height-mobile=\"30\" data-height-tab=\"30\" data-height-tab-portrait=\"\" data-height-mobile-landscape=\"\" style=\"clear:both;display:block;\"><\/div><div class=\"dt-fancy-separator title-left h1-size\" style=\"width: 100%;\"><div class=\"dt-fancy-title\"><span class=\"separator-holder separator-left\"><\/span>\u00c9nergie pour les d\u00e9l\u00e9gations professionnelles et les universit\u00e9s<span class=\"separator-holder separator-right\"><\/span><\/div><\/div><div class=\"ult-spacer spacer-69f27d83b5a16\" data-id=\"69f27d83b5a16\" data-height=\"30\" data-height-mobile=\"30\" data-height-tab=\"30\" data-height-tab-portrait=\"\" data-height-mobile-landscape=\"\" style=\"clear:both;display:block;\"><\/div><div class=\"dt-shortcode with-isotope\"><div class=\"wf-container dt-blog-shortcode loading-effect-none iso-container description-under-image content-align-left\" data-padding=\"20px\" data-cur-page=\"1\" data-posts-per-page=\"-1\" data-width=\"370px\" data-columns=\"3\">\n<div class=\"wf-cell iso-item\" data-post-id=\"2865\" data-date=\"2022-03-01T20:44:21+02:00\" data-name=\"Visite sur le th\u00e8me de l&#039;\u00e9nergie solaire \u00e0 Fribourg\">\n\t<article class=\"post post-2865 type-post status-publish format-standard has-post-thumbnail hentry category-fribourg-delegations-professionnelles-energie category-130 description-off\">\n\n\t\t\n\t\t\t<div class=\"blog-media wf-td\">\n\n\t\t\t\t<p><a href=\"https:\/\/www.innovation-academy.de\/fr\/visites-energie-solaire-fribourg\/\" class=\"alignnone rollover layzr-bg\" ><img fetchpriority=\"high\" decoding=\"async\" class=\"preload-me iso-lazy-load aspect\" src=\"data:image\/svg+xml,%3Csvg%20xmlns%3D&#39;http%3A%2F%2Fwww.w3.org%2F2000%2Fsvg&#39;%20viewBox%3D&#39;0%200%20400%20300&#39;%2F%3E\" data-src=\"https:\/\/www.innovation-academy.de\/wp-content\/uploads\/Freiburg_Solar-Energie.jpg\" data-srcset=\"https:\/\/www.innovation-academy.de\/wp-content\/uploads\/Freiburg_Solar-Energie.jpg 400w\" loading=\"eager\" style=\"--ratio: 400 \/ 300\" sizes=\"(max-width: 400px) 100vw, 400px\" alt=\"\" title=\"Freiburg_Solar-Energie\" width=\"400\" height=\"300\"  \/><\/a><\/p>\n\t\t\t<\/div>\n\n\t\t\n\t\t<div class=\"blog-content wf-td\">\n\t\t\t<h3 class=\"entry-title\"><a href=\"https:\/\/www.innovation-academy.de\/fr\/visites-energie-solaire-fribourg\/\" title=\"Visite sur le th\u00e8me de l&rsquo;\u00e9nergie solaire \u00e0 Fribourg\" rel=\"bookmark\">Visite sur le th\u00e8me de l&rsquo;\u00e9nergie solaire \u00e0 Fribourg<\/a><\/h3>\n\n\t\t\t\n\t\t<\/div>\n\n\t<\/article>\n\n<\/div>\n<div class=\"wf-cell iso-item\" data-post-id=\"2916\" data-date=\"2017-01-08T19:25:41+02:00\" data-name=\"Munich et les \u00e9nergies renouvelables\">\n\t<article class=\"post post-2916 type-post status-publish format-standard has-post-thumbnail hentry category-munich-delegations-professionnelles-energie category-148 description-off\">\n\n\t\t\n\t\t\t<div class=\"blog-media wf-td\">\n\n\t\t\t\t<p><a href=\"https:\/\/www.innovation-academy.de\/fr\/munich-energies-renouvelables\/\" class=\"alignnone rollover layzr-bg\" ><img decoding=\"async\" class=\"preload-me iso-lazy-load aspect\" src=\"data:image\/svg+xml,%3Csvg%20xmlns%3D&#39;http%3A%2F%2Fwww.w3.org%2F2000%2Fsvg&#39;%20viewBox%3D&#39;0%200%20400%20300&#39;%2F%3E\" data-src=\"https:\/\/www.innovation-academy.de\/wp-content\/uploads\/Munich_Erneuerbar.jpg\" data-srcset=\"https:\/\/www.innovation-academy.de\/wp-content\/uploads\/Munich_Erneuerbar.jpg 400w\" loading=\"eager\" style=\"--ratio: 400 \/ 300\" sizes=\"(max-width: 400px) 100vw, 400px\" alt=\"\" title=\"Munich_Erneuerbar\" width=\"400\" height=\"300\"  \/><\/a><\/p>\n\t\t\t<\/div>\n\n\t\t\n\t\t<div class=\"blog-content wf-td\">\n\t\t\t<h3 class=\"entry-title\"><a href=\"https:\/\/www.innovation-academy.de\/fr\/munich-energies-renouvelables\/\" title=\"Munich et les \u00e9nergies renouvelables\" rel=\"bookmark\">Munich et les \u00e9nergies renouvelables<\/a><\/h3>\n\n\t\t\t\n\t\t<\/div>\n\n\t<\/article>\n\n<\/div>\n<div class=\"wf-cell iso-item\" data-post-id=\"2935\" data-date=\"2017-01-02T13:04:55+02:00\" data-name=\"Les villages bio\u00e9nerg\u00e9tiques en For\u00eat-Noire\">\n\t<article class=\"post post-2935 type-post status-publish format-standard has-post-thumbnail hentry category-foret-noire-delegations-professionnelles-energie category-152 description-off\">\n\n\t\t\n\t\t\t<div class=\"blog-media wf-td\">\n\n\t\t\t\t<p><a href=\"https:\/\/www.innovation-academy.de\/fr\/villages-bioenergetiques-foret-noire\/\" class=\"alignnone rollover layzr-bg\" ><img decoding=\"async\" class=\"preload-me iso-lazy-load aspect\" src=\"data:image\/svg+xml,%3Csvg%20xmlns%3D&#39;http%3A%2F%2Fwww.w3.org%2F2000%2Fsvg&#39;%20viewBox%3D&#39;0%200%20400%20300&#39;%2F%3E\" data-src=\"https:\/\/www.innovation-academy.de\/wp-content\/uploads\/Schwarzwald_Freiamt.jpg\" data-srcset=\"https:\/\/www.innovation-academy.de\/wp-content\/uploads\/Schwarzwald_Freiamt.jpg 400w\" loading=\"eager\" style=\"--ratio: 400 \/ 300\" sizes=\"(max-width: 400px) 100vw, 400px\" alt=\"\" title=\"Schwarzwald_Freiamt\" width=\"400\" height=\"300\"  \/><\/a><\/p>\n\t\t\t<\/div>\n\n\t\t\n\t\t<div class=\"blog-content wf-td\">\n\t\t\t<h3 class=\"entry-title\"><a href=\"https:\/\/www.innovation-academy.de\/fr\/villages-bioenergetiques-foret-noire\/\" title=\"Les villages bio\u00e9nerg\u00e9tiques en For\u00eat-Noire\" rel=\"bookmark\">Les villages bio\u00e9nerg\u00e9tiques en For\u00eat-Noire<\/a><\/h3>\n\n\t\t\t\n\t\t<\/div>\n\n\t<\/article>\n\n<\/div><\/div><\/div><div class=\"ult-spacer spacer-69f27d83becf7\" data-id=\"69f27d83becf7\" data-height=\"30\" data-height-mobile=\"30\" data-height-tab=\"30\" data-height-tab-portrait=\"\" data-height-mobile-landscape=\"\" style=\"clear:both;display:block;\"><\/div>[\/vc_column][\/vc_row][vc_row][vc_column]<div class=\"ult-spacer spacer-69f27d83bed2f\" data-id=\"69f27d83bed2f\" data-height=\"50\" data-height-mobile=\"50\" data-height-tab=\"50\" data-height-tab-portrait=\"\" data-height-mobile-landscape=\"\" style=\"clear:both;display:block;\"><\/div>[\/vc_column][\/vc_row][vc_row anchor=\u00a0\u00bb#schulen\u00a0\u00bb][vc_column]<div class=\"ult-spacer spacer-69f27d83bed52\" data-id=\"69f27d83bed52\" data-height=\"30\" data-height-mobile=\"30\" data-height-tab=\"30\" data-height-tab-portrait=\"\" data-height-mobile-landscape=\"\" style=\"clear:both;display:block;\"><\/div><div class=\"dt-fancy-separator title-left h1-size\" style=\"width: 100%;\"><div class=\"dt-fancy-title\"><span class=\"separator-holder separator-left\"><\/span>\u00c9nergie pour les groupes scolaires et les lyc\u00e9es professionnels<span class=\"separator-holder separator-right\"><\/span><\/div><\/div><div class=\"ult-spacer spacer-69f27d83bedb3\" data-id=\"69f27d83bedb3\" data-height=\"30\" data-height-mobile=\"30\" data-height-tab=\"30\" data-height-tab-portrait=\"\" data-height-mobile-landscape=\"\" style=\"clear:both;display:block;\"><\/div><div class=\"dt-shortcode with-isotope\"><div class=\"wf-container dt-blog-shortcode loading-effect-none iso-container description-under-image content-align-left\" data-padding=\"20px\" data-cur-page=\"1\" data-posts-per-page=\"-1\" data-width=\"370px\" data-columns=\"3\">\n<div class=\"wf-cell iso-item\" data-post-id=\"8787\" data-date=\"2021-10-17T12:18:27+02:00\" data-name=\"La mobilit\u00e9 douce et multimodale \u00e0 Freiburg &amp; le nouvel H\u00f4tel de ville (RIS)\">\n\t<article class=\"post post-8787 type-post status-publish format-standard has-post-thumbnail hentry category-fribourg-scolaires-energie category-fribourg-scolaires-urbanismemobilite category-136 category-138 description-off\">\n\n\t\t\n\t\t\t<div class=\"blog-media wf-td\">\n\n\t\t\t\t<p><a href=\"https:\/\/www.innovation-academy.de\/fr\/mobilite-multimodale-et-le-nouvel-hotel-de-ville\/\" class=\"alignnone rollover layzr-bg\" ><img decoding=\"async\" class=\"preload-me iso-lazy-load aspect\" src=\"data:image\/svg+xml,%3Csvg%20xmlns%3D&#39;http%3A%2F%2Fwww.w3.org%2F2000%2Fsvg&#39;%20viewBox%3D&#39;0%200%20400%20300&#39;%2F%3E\" data-src=\"https:\/\/www.innovation-academy.de\/wp-content\/uploads\/RIS_Schueler.jpg\" data-srcset=\"https:\/\/www.innovation-academy.de\/wp-content\/uploads\/RIS_Schueler.jpg 400w\" loading=\"eager\" style=\"--ratio: 400 \/ 300\" sizes=\"(max-width: 400px) 100vw, 400px\" alt=\"\" title=\"RIS_Schueler\" width=\"400\" height=\"300\"  \/><\/a><\/p>\n\t\t\t<\/div>\n\n\t\t\n\t\t<div class=\"blog-content wf-td\">\n\t\t\t<h3 class=\"entry-title\"><a href=\"https:\/\/www.innovation-academy.de\/fr\/mobilite-multimodale-et-le-nouvel-hotel-de-ville\/\" title=\"La mobilit\u00e9 douce et multimodale \u00e0 Freiburg &#038; le nouvel H\u00f4tel de ville (RIS)\" rel=\"bookmark\">La mobilit\u00e9 douce et multimodale \u00e0 Freiburg &#038; le nouvel H\u00f4tel de ville (RIS)<\/a><\/h3>\n\n\t\t\t\n\t\t<\/div>\n\n\t<\/article>\n\n<\/div>\n<div class=\"wf-cell iso-item\" data-post-id=\"2780\" data-date=\"2016-02-18T17:12:28+02:00\" data-name=\"Visite d\u2019une commune bio\u00e9nerg\u00e9tique en For\u00eat-Noire\">\n\t<article class=\"post post-2780 type-post status-publish format-standard has-post-thumbnail hentry category-foret-noire-scolaires-energie category-156 description-off\">\n\n\t\t\n\t\t\t<div class=\"blog-media wf-td\">\n\n\t\t\t\t<p><a href=\"https:\/\/www.innovation-academy.de\/fr\/commune-exportatrice-energie-verte-en-foret-noire\/\" class=\"alignnone rollover layzr-bg\" ><img decoding=\"async\" class=\"preload-me iso-lazy-load aspect\" src=\"data:image\/svg+xml,%3Csvg%20xmlns%3D&#39;http%3A%2F%2Fwww.w3.org%2F2000%2Fsvg&#39;%20viewBox%3D&#39;0%200%20400%20300&#39;%2F%3E\" data-src=\"https:\/\/www.innovation-academy.de\/wp-content\/uploads\/Schwarzwald_Schulen_Freiamt.jpg\" data-srcset=\"https:\/\/www.innovation-academy.de\/wp-content\/uploads\/Schwarzwald_Schulen_Freiamt.jpg 400w\" loading=\"eager\" style=\"--ratio: 400 \/ 300\" sizes=\"(max-width: 400px) 100vw, 400px\" alt=\"\" title=\"Schwarzwald_Schulen_Freiamt\" width=\"400\" height=\"300\"  \/><\/a><\/p>\n\t\t\t<\/div>\n\n\t\t\n\t\t<div class=\"blog-content wf-td\">\n\t\t\t<h3 class=\"entry-title\"><a href=\"https:\/\/www.innovation-academy.de\/fr\/commune-exportatrice-energie-verte-en-foret-noire\/\" title=\"Visite d\u2019une commune bio\u00e9nerg\u00e9tique en For\u00eat-Noire\" rel=\"bookmark\">Visite d\u2019une commune bio\u00e9nerg\u00e9tique en For\u00eat-Noire<\/a><\/h3>\n\n\t\t\t\n\t\t<\/div>\n\n\t<\/article>\n\n<\/div>\n<div class=\"wf-cell iso-item\" data-post-id=\"2957\" data-date=\"2016-01-26T16:43:04+02:00\" data-name=\"Ile de l\u2018Elbe Wilhelmsburg\">\n\t<article class=\"post post-2957 type-post status-publish format-standard has-post-thumbnail hentry category-hambourg-scolaires-energie category-144 description-off\">\n\n\t\t\n\t\t\t<div class=\"blog-media wf-td\">\n\n\t\t\t\t<p><a href=\"https:\/\/www.innovation-academy.de\/fr\/visite-guidee-scolaire-wilhelmsburg-hambourg\/\" class=\"alignnone rollover layzr-bg\" ><img decoding=\"async\" class=\"preload-me iso-lazy-load aspect\" src=\"data:image\/svg+xml,%3Csvg%20xmlns%3D&#39;http%3A%2F%2Fwww.w3.org%2F2000%2Fsvg&#39;%20viewBox%3D&#39;0%200%20400%20300&#39;%2F%3E\" data-src=\"https:\/\/www.innovation-academy.de\/wp-content\/uploads\/Hamburg_Schulen_Wilhelmsburg.jpg\" data-srcset=\"https:\/\/www.innovation-academy.de\/wp-content\/uploads\/Hamburg_Schulen_Wilhelmsburg.jpg 400w\" loading=\"eager\" style=\"--ratio: 400 \/ 300\" sizes=\"(max-width: 400px) 100vw, 400px\" alt=\"Hamburg Energie\" title=\"Hamburg_Schulen_Wilhelmsburg\" width=\"400\" height=\"300\"  \/><\/a><\/p>\n\t\t\t<\/div>\n\n\t\t\n\t\t<div class=\"blog-content wf-td\">\n\t\t\t<h3 class=\"entry-title\"><a href=\"https:\/\/www.innovation-academy.de\/fr\/visite-guidee-scolaire-wilhelmsburg-hambourg\/\" title=\"Ile de l\u2018Elbe Wilhelmsburg\" rel=\"bookmark\">Ile de l\u2018Elbe Wilhelmsburg<\/a><\/h3>\n\n\t\t\t\n\t\t<\/div>\n\n\t<\/article>\n\n<\/div><\/div><\/div><div class=\"ult-spacer spacer-69f27d83c7283\" data-id=\"69f27d83c7283\" data-height=\"30\" data-height-mobile=\"30\" data-height-tab=\"30\" data-height-tab-portrait=\"\" data-height-mobile-landscape=\"\" style=\"clear:both;display:block;\"><\/div>[\/vc_column][\/vc_row]<\/p>\n<\/div>","protected":false},"excerpt":{"rendered":"<p>[vc_row][vc_column][vc_column_text] \u00c9nergie [\/vc_column_text][\/vc_column][\/vc_row][vc_row][vc_column width=\u00a0\u00bb1\/3&Prime;][vc_column_text css=\u00a0\u00bb.vc_custom_1493820288491{background-color: #eaeaea !important;}\u00a0\u00bb] Transition \u00e9nerg\u00e9tique \u00c9olien Solaire photovolta\u00efque Biogaz Solaire thermique G\u00e9othermie Hydro\u00e9lectricit\u00e9 [\/vc_column_text][\/vc_column][vc_column width=\u00a0\u00bb2\/3&Prime;][layerslider_vc id=\u00a0\u00bb7&Prime;][\/vc_column][\/vc_row][vc_row][vc_column][vc_column_text]La transition \u00e9nerg\u00e9tique (Energiewende) allemande est mondialement connue. Nous vous pr\u00e9sentons des villes, des d\u00e9partements et des r\u00e9gions qui ont mis en place des concepts \u00e9nerg\u00e9tiques ambitieux en d\u00e9veloppant fortement les \u00e9nergies renouvelables. Et aujourd\u2019hui, des&hellip;<\/p>\n","protected":false},"author":1,"featured_media":0,"parent":0,"menu_order":0,"comment_status":"closed","ping_status":"closed","template":"","meta":{"footnotes":""},"class_list":["post-2975","page","type-page","status-publish","hentry","description-off"],"yoast_head":"<!-- This site is optimized with the Yoast SEO plugin v26.2 - https:\/\/yoast.com\/wordpress\/plugins\/seo\/ -->\n<title>\u00c9nergie - Innovation Academy<\/title>\n<meta name=\"robots\" content=\"index, follow, max-snippet:-1, max-image-preview:large, max-video-preview:-1\" \/>\n<link rel=\"canonical\" href=\"https:\/\/www.innovation-academy.de\/fr\/energie-et-energies-renouvelables\/\" \/>\n<meta property=\"og:locale\" content=\"fr_FR\" \/>\n<meta property=\"og:type\" content=\"article\" \/>\n<meta property=\"og:title\" content=\"\u00c9nergie - Innovation Academy\" \/>\n<meta property=\"og:description\" content=\"[vc_row][vc_column][vc_column_text] \u00c9nergie [\/vc_column_text][\/vc_column][\/vc_row][vc_row][vc_column width=\u00a0\u00bb1\/3&Prime;][vc_column_text css=\u00a0\u00bb.vc_custom_1493820288491{background-color: #eaeaea !important;}\u00a0\u00bb] Transition \u00e9nerg\u00e9tique \u00c9olien Solaire photovolta\u00efque Biogaz Solaire thermique G\u00e9othermie Hydro\u00e9lectricit\u00e9 [\/vc_column_text][\/vc_column][vc_column width=\u00a0\u00bb2\/3&Prime;][layerslider_vc id=\u00a0\u00bb7&Prime;][\/vc_column][\/vc_row][vc_row][vc_column][vc_column_text]La transition \u00e9nerg\u00e9tique (Energiewende) allemande est mondialement connue. Nous vous pr\u00e9sentons des villes, des d\u00e9partements et des r\u00e9gions qui ont mis en place des concepts \u00e9nerg\u00e9tiques ambitieux en d\u00e9veloppant fortement les \u00e9nergies renouvelables. Et aujourd\u2019hui, des&hellip;\" \/>\n<meta property=\"og:url\" content=\"https:\/\/www.innovation-academy.de\/fr\/energie-et-energies-renouvelables\/\" \/>\n<meta property=\"og:site_name\" content=\"Innovation Academy\" \/>\n<meta property=\"article:modified_time\" content=\"2017-09-14T13:44:56+00:00\" \/>\n<meta name=\"twitter:card\" content=\"summary_large_image\" \/>\n<meta name=\"twitter:label1\" content=\"Dur\u00e9e de lecture estim\u00e9e\" \/>\n\t<meta name=\"twitter:data1\" content=\"2 minutes\" \/>\n<script type=\"application\/ld+json\" class=\"yoast-schema-graph\">{\"@context\":\"https:\/\/schema.org\",\"@graph\":[{\"@type\":\"WebPage\",\"@id\":\"https:\/\/www.innovation-academy.de\/fr\/energie-et-energies-renouvelables\/\",\"url\":\"https:\/\/www.innovation-academy.de\/fr\/energie-et-energies-renouvelables\/\",\"name\":\"\u00c9nergie - Innovation Academy\",\"isPartOf\":{\"@id\":\"https:\/\/www.innovation-academy.de\/fr\/#website\"},\"datePublished\":\"2015-11-06T18:18:56+00:00\",\"dateModified\":\"2017-09-14T13:44:56+00:00\",\"breadcrumb\":{\"@id\":\"https:\/\/www.innovation-academy.de\/fr\/energie-et-energies-renouvelables\/#breadcrumb\"},\"inLanguage\":\"fr-FR\",\"potentialAction\":[{\"@type\":\"ReadAction\",\"target\":[\"https:\/\/www.innovation-academy.de\/fr\/energie-et-energies-renouvelables\/\"]}]},{\"@type\":\"BreadcrumbList\",\"@id\":\"https:\/\/www.innovation-academy.de\/fr\/energie-et-energies-renouvelables\/#breadcrumb\",\"itemListElement\":[{\"@type\":\"ListItem\",\"position\":1,\"name\":\"Home\",\"item\":\"https:\/\/www.innovation-academy.de\/fr\/\"},{\"@type\":\"ListItem\",\"position\":2,\"name\":\"\u00c9nergie\"}]},{\"@type\":\"WebSite\",\"@id\":\"https:\/\/www.innovation-academy.de\/fr\/#website\",\"url\":\"https:\/\/www.innovation-academy.de\/fr\/\",\"name\":\"Innovation Academy\",\"description\":\"Innovation Academy\",\"potentialAction\":[{\"@type\":\"SearchAction\",\"target\":{\"@type\":\"EntryPoint\",\"urlTemplate\":\"https:\/\/www.innovation-academy.de\/fr\/?s={search_term_string}\"},\"query-input\":{\"@type\":\"PropertyValueSpecification\",\"valueRequired\":true,\"valueName\":\"search_term_string\"}}],\"inLanguage\":\"fr-FR\"}]}<\/script>\n<!-- \/ Yoast SEO plugin. -->","yoast_head_json":{"title":"\u00c9nergie - Innovation Academy","robots":{"index":"index","follow":"follow","max-snippet":"max-snippet:-1","max-image-preview":"max-image-preview:large","max-video-preview":"max-video-preview:-1"},"canonical":"https:\/\/www.innovation-academy.de\/fr\/energie-et-energies-renouvelables\/","og_locale":"fr_FR","og_type":"article","og_title":"\u00c9nergie - Innovation Academy","og_description":"[vc_row][vc_column][vc_column_text] \u00c9nergie [\/vc_column_text][\/vc_column][\/vc_row][vc_row][vc_column width=\u00a0\u00bb1\/3&Prime;][vc_column_text css=\u00a0\u00bb.vc_custom_1493820288491{background-color: #eaeaea !important;}\u00a0\u00bb] Transition \u00e9nerg\u00e9tique \u00c9olien Solaire photovolta\u00efque Biogaz Solaire thermique G\u00e9othermie Hydro\u00e9lectricit\u00e9 [\/vc_column_text][\/vc_column][vc_column width=\u00a0\u00bb2\/3&Prime;][layerslider_vc id=\u00a0\u00bb7&Prime;][\/vc_column][\/vc_row][vc_row][vc_column][vc_column_text]La transition \u00e9nerg\u00e9tique (Energiewende) allemande est mondialement connue. Nous vous pr\u00e9sentons des villes, des d\u00e9partements et des r\u00e9gions qui ont mis en place des concepts \u00e9nerg\u00e9tiques ambitieux en d\u00e9veloppant fortement les \u00e9nergies renouvelables. Et aujourd\u2019hui, des&hellip;","og_url":"https:\/\/www.innovation-academy.de\/fr\/energie-et-energies-renouvelables\/","og_site_name":"Innovation Academy","article_modified_time":"2017-09-14T13:44:56+00:00","twitter_card":"summary_large_image","twitter_misc":{"Dur\u00e9e de lecture estim\u00e9e":"2 minutes"},"schema":{"@context":"https:\/\/schema.org","@graph":[{"@type":"WebPage","@id":"https:\/\/www.innovation-academy.de\/fr\/energie-et-energies-renouvelables\/","url":"https:\/\/www.innovation-academy.de\/fr\/energie-et-energies-renouvelables\/","name":"\u00c9nergie - Innovation Academy","isPartOf":{"@id":"https:\/\/www.innovation-academy.de\/fr\/#website"},"datePublished":"2015-11-06T18:18:56+00:00","dateModified":"2017-09-14T13:44:56+00:00","breadcrumb":{"@id":"https:\/\/www.innovation-academy.de\/fr\/energie-et-energies-renouvelables\/#breadcrumb"},"inLanguage":"fr-FR","potentialAction":[{"@type":"ReadAction","target":["https:\/\/www.innovation-academy.de\/fr\/energie-et-energies-renouvelables\/"]}]},{"@type":"BreadcrumbList","@id":"https:\/\/www.innovation-academy.de\/fr\/energie-et-energies-renouvelables\/#breadcrumb","itemListElement":[{"@type":"ListItem","position":1,"name":"Home","item":"https:\/\/www.innovation-academy.de\/fr\/"},{"@type":"ListItem","position":2,"name":"\u00c9nergie"}]},{"@type":"WebSite","@id":"https:\/\/www.innovation-academy.de\/fr\/#website","url":"https:\/\/www.innovation-academy.de\/fr\/","name":"Innovation Academy","description":"Innovation Academy","potentialAction":[{"@type":"SearchAction","target":{"@type":"EntryPoint","urlTemplate":"https:\/\/www.innovation-academy.de\/fr\/?s={search_term_string}"},"query-input":{"@type":"PropertyValueSpecification","valueRequired":true,"valueName":"search_term_string"}}],"inLanguage":"fr-FR"}]}},"_links":{"self":[{"href":"https:\/\/www.innovation-academy.de\/fr\/wp-json\/wp\/v2\/pages\/2975","targetHints":{"allow":["GET"]}}],"collection":[{"href":"https:\/\/www.innovation-academy.de\/fr\/wp-json\/wp\/v2\/pages"}],"about":[{"href":"https:\/\/www.innovation-academy.de\/fr\/wp-json\/wp\/v2\/types\/page"}],"author":[{"embeddable":true,"href":"https:\/\/www.innovation-academy.de\/fr\/wp-json\/wp\/v2\/users\/1"}],"replies":[{"embeddable":true,"href":"https:\/\/www.innovation-academy.de\/fr\/wp-json\/wp\/v2\/comments?post=2975"}],"version-history":[{"count":8,"href":"https:\/\/www.innovation-academy.de\/fr\/wp-json\/wp\/v2\/pages\/2975\/revisions"}],"predecessor-version":[{"id":3906,"href":"https:\/\/www.innovation-academy.de\/fr\/wp-json\/wp\/v2\/pages\/2975\/revisions\/3906"}],"wp:attachment":[{"href":"https:\/\/www.innovation-academy.de\/fr\/wp-json\/wp\/v2\/media?parent=2975"}],"curies":[{"name":"wp","href":"https:\/\/api.w.org\/{rel}","templated":true}]}}